{"id":528,"date":"2023-10-18T18:41:05","date_gmt":"2023-10-18T18:41:05","guid":{"rendered":"https:\/\/workspace11.loremmedia-gmbh.com\/?page_id=528"},"modified":"2023-10-19T08:16:09","modified_gmt":"2023-10-19T08:16:09","slug":"datenschutz","status":"publish","type":"page","link":"https:\/\/wadendehner-set.de\/index.php\/datenschutz\/","title":{"rendered":"Datenschutz"},"content":{"rendered":"<style>.elementor-528 .elementor-element.elementor-element-36fd7df > .elementor-container{min-height:40vh;}.elementor-528 .elementor-element.elementor-element-36fd7df:not(.elementor-motion-effects-element-type-background), .elementor-528 .elementor-element.elementor-element-36fd7df > .elementor-motion-effects-container > .elementor-motion-effects-layer{background-image:url(\"https:\/\/wadendehner-set.de\/wp-content\/uploads\/2023\/10\/fit-confident-sportswoman-with-barbell-in-gym-5KEXWQYa.jpg\");background-position:center center;background-repeat:no-repeat;background-size:cover;}.elementor-528 .elementor-element.elementor-element-36fd7df > .elementor-background-overlay{background-color:var( --e-global-color-74147e9 );opacity:0.65;transition:background 0.3s, border-radius 0.3s, opacity 0.3s;}.elementor-528 .elementor-element.elementor-element-36fd7df{transition:background 0.3s, border 0.3s, border-radius 0.3s, box-shadow 0.3s;margin-top:-92px;margin-bottom:0px;}.elementor-bc-flex-widget .elementor-528 .elementor-element.elementor-element-47a6fbf.elementor-column .elementor-widget-wrap{align-items:flex-end;}.elementor-528 .elementor-element.elementor-element-47a6fbf.elementor-column.elementor-element[data-element_type=\"column\"] > .elementor-widget-wrap.elementor-element-populated{align-content:flex-end;align-items:flex-end;}.elementor-528 .elementor-element.elementor-element-47a6fbf > .elementor-widget-wrap > .elementor-widget:not(.elementor-widget__width-auto):not(.elementor-widget__width-initial):not(:last-child):not(.elementor-absolute){margin-block-end:1px;}.elementor-528 .elementor-element.elementor-element-47a6fbf > .elementor-element-populated{padding:1em 1em 1em 1em;}.elementor-widget-heading .elementor-heading-title{font-family:var( --e-global-typography-primary-font-family ), Sans-serif;font-weight:var( --e-global-typography-primary-font-weight );color:var( --e-global-color-primary );}.elementor-528 .elementor-element.elementor-element-26f7a4a{text-align:center;z-index:2;}.elementor-528 .elementor-element.elementor-element-26f7a4a .elementor-heading-title{font-family:\"Downey\", Sans-serif;font-size:55px;font-weight:200;color:var( --e-global-color-ad67879 );}.elementor-528 .elementor-element.elementor-element-26f7a4a > .elementor-widget-container{margin:0px 0px 10px 0px;}.elementor-widget-text-editor{font-family:var( --e-global-typography-text-font-family ), Sans-serif;font-weight:var( --e-global-typography-text-font-weight );color:var( --e-global-color-text );}.elementor-widget-text-editor.elementor-drop-cap-view-stacked .elementor-drop-cap{background-color:var( --e-global-color-primary );}.elementor-widget-text-editor.elementor-drop-cap-view-framed .elementor-drop-cap, .elementor-widget-text-editor.elementor-drop-cap-view-default .elementor-drop-cap{color:var( --e-global-color-primary );border-color:var( --e-global-color-primary );}.elementor-528 .elementor-element.elementor-element-366820a{text-align:center;font-family:\"Montserrat\", Sans-serif;font-weight:300;text-decoration:none;color:var( --e-global-color-ad67879 );}.elementor-528 .elementor-element.elementor-element-f768cdc{--spacer-size:30px;}.elementor-528 .elementor-element.elementor-element-1a774a6:not(.elementor-motion-effects-element-type-background), .elementor-528 .elementor-element.elementor-element-1a774a6 > .elementor-motion-effects-container > .elementor-motion-effects-layer{background-color:var( --e-global-color-74147e9 );}.elementor-528 .elementor-element.elementor-element-1a774a6{transition:background 0.3s, border 0.3s, border-radius 0.3s, box-shadow 0.3s;padding:6em 1em 6em 1em;}.elementor-528 .elementor-element.elementor-element-1a774a6 > .elementor-background-overlay{transition:background 0.3s, border-radius 0.3s, opacity 0.3s;}.elementor-528 .elementor-element.elementor-element-00cbcec > .elementor-element-populated{padding:1em 1em 1em 1em;}.elementor-528 .elementor-element.elementor-element-8f9e686{text-align:center;z-index:2;}.elementor-528 .elementor-element.elementor-element-8f9e686 .elementor-heading-title{font-family:\"Downey\", Sans-serif;font-size:25px;font-weight:200;color:var( --e-global-color-ad67879 );}.elementor-528 .elementor-element.elementor-element-e5d0c27{text-align:center;font-family:\"Montserrat\", Sans-serif;font-weight:300;color:var( --e-global-color-ad67879 );}.elementor-528 .elementor-element.elementor-element-e5d0c27 > .elementor-widget-container{margin:0px 0px 30px 0px;padding:0px 0px 0px 0px;}:root{--page-title-display:none;}@media(max-width:1024px) and (min-width:768px){.elementor-528 .elementor-element.elementor-element-00cbcec{width:100%;}}\/* Start Custom Fonts CSS *\/@font-face {\n\tfont-family: 'Downey';\n\tfont-style: normal;\n\tfont-weight: 100;\n\tfont-display: auto;\n\tsrc: url('https:\/\/wadendehner-set.de\/wp-content\/uploads\/2023\/10\/downey-black-webfont.woff') format('woff');\n}\n@font-face {\n\tfont-family: 'Downey';\n\tfont-style: normal;\n\tfont-weight: 200;\n\tfont-display: auto;\n\tsrc: url('https:\/\/wadendehner-set.de\/wp-content\/uploads\/2023\/10\/downey-bold-webfont.woff') format('woff');\n}\n@font-face {\n\tfont-family: 'Downey';\n\tfont-style: normal;\n\tfont-weight: 300;\n\tfont-display: auto;\n\tsrc: url('https:\/\/wadendehner-set.de\/wp-content\/uploads\/2023\/10\/downey-light-webfont.woff') format('woff');\n}\n@font-face {\n\tfont-family: 'Downey';\n\tfont-style: normal;\n\tfont-weight: 400;\n\tfont-display: auto;\n\tsrc: url('https:\/\/wadendehner-set.de\/wp-content\/uploads\/2023\/10\/downey-regular-webfont.woff') format('woff');\n}\n@font-face {\n\tfont-family: 'Downey';\n\tfont-style: normal;\n\tfont-weight: 500;\n\tfont-display: auto;\n\tsrc: url('https:\/\/wadendehner-set.de\/wp-content\/uploads\/2023\/10\/downeyoutline-black-webfont.woff') format('woff');\n}\n@font-face {\n\tfont-family: 'Downey';\n\tfont-style: normal;\n\tfont-weight: 600;\n\tfont-display: auto;\n\tsrc: url('https:\/\/wadendehner-set.de\/wp-content\/uploads\/2023\/10\/downeyoutline-bold-webfont.woff') format('woff');\n}\n@font-face {\n\tfont-family: 'Downey';\n\tfont-style: normal;\n\tfont-weight: 700;\n\tfont-display: auto;\n\tsrc: url('https:\/\/wadendehner-set.de\/wp-content\/uploads\/2023\/10\/downeyoutline-light-webfont.woff') format('woff');\n}\n@font-face {\n\tfont-family: 'Downey';\n\tfont-style: normal;\n\tfont-weight: 800;\n\tfont-display: auto;\n\tsrc: url('https:\/\/wadendehner-set.de\/wp-content\/uploads\/2023\/10\/downeyoutline-regular-webfont.woff') format('woff');\n}\n\/* End Custom Fonts CSS *\/<\/style>\t\t<div data-elementor-type=\"wp-page\" data-elementor-id=\"528\" class=\"elementor elementor-528\" data-elementor-post-type=\"page\">\n\t\t\t\t\t\t<section class=\"elementor-section elementor-top-section elementor-element elementor-element-36fd7df elementor-section-height-min-height elementor-section-items-stretch elementor-section-boxed elementor-section-height-default\" data-id=\"36fd7df\" data-element_type=\"section\" data-e-type=\"section\" data-settings=\"{&quot;background_background&quot;:&quot;classic&quot;}\">\n\t\t\t\t\t\t\t<div class=\"elementor-background-overlay\"><\/div>\n\t\t\t\t\t\t\t<div class=\"elementor-container elementor-column-gap-default\">\n\t\t\t\t\t<div class=\"elementor-column elementor-col-100 elementor-top-column elementor-element elementor-element-47a6fbf\" data-id=\"47a6fbf\" data-element_type=\"column\" data-e-type=\"column\">\n\t\t\t<div class=\"elementor-widget-wrap elementor-element-populated\">\n\t\t\t\t\t\t<div class=\"elementor-element elementor-element-26f7a4a elementor-widget elementor-widget-heading\" data-id=\"26f7a4a\" data-element_type=\"widget\" data-e-type=\"widget\" data-widget_type=\"heading.default\">\n\t\t\t\t<div class=\"elementor-widget-container\">\n\t\t\t\t\t<h2 class=\"elementor-heading-title elementor-size-default\">Datenschutz<\/h2>\t\t\t\t<\/div>\n\t\t\t\t<\/div>\n\t\t\t\t<div class=\"elementor-element elementor-element-366820a elementor-widget elementor-widget-text-editor\" data-id=\"366820a\" data-element_type=\"widget\" data-e-type=\"widget\" data-widget_type=\"text-editor.default\">\n\t\t\t\t<div class=\"elementor-widget-container\">\n\t\t\t\t\t\t\t\t\t<p><a href=\"https:\/\/wadendehner-set.de\/\">Startseite<\/a> &#8211; Datenschutz<\/p>\t\t\t\t\t\t\t\t<\/div>\n\t\t\t\t<\/div>\n\t\t\t\t<div class=\"elementor-element elementor-element-f768cdc elementor-widget elementor-widget-spacer\" data-id=\"f768cdc\" data-element_type=\"widget\" data-e-type=\"widget\" data-widget_type=\"spacer.default\">\n\t\t\t\t<div class=\"elementor-widget-container\">\n\t\t\t\t\t\t\t<div class=\"elementor-spacer\">\n\t\t\t<div class=\"elementor-spacer-inner\"><\/div>\n\t\t<\/div>\n\t\t\t\t\t\t<\/div>\n\t\t\t\t<\/div>\n\t\t\t\t\t<\/div>\n\t\t<\/div>\n\t\t\t\t\t<\/div>\n\t\t<\/section>\n\t\t\t\t<section class=\"elementor-section elementor-top-section elementor-element elementor-element-1a774a6 elementor-section-boxed elementor-section-height-default elementor-section-height-default\" data-id=\"1a774a6\" data-element_type=\"section\" data-e-type=\"section\" data-settings=\"{&quot;background_background&quot;:&quot;classic&quot;}\">\n\t\t\t\t\t\t<div class=\"elementor-container elementor-column-gap-default\">\n\t\t\t\t\t<div class=\"elementor-column elementor-col-100 elementor-top-column elementor-element elementor-element-00cbcec\" data-id=\"00cbcec\" data-element_type=\"column\" data-e-type=\"column\">\n\t\t\t<div class=\"elementor-widget-wrap elementor-element-populated\">\n\t\t\t\t\t\t<div class=\"elementor-element elementor-element-8f9e686 elementor-widget elementor-widget-heading\" data-id=\"8f9e686\" data-element_type=\"widget\" data-e-type=\"widget\" data-widget_type=\"heading.default\">\n\t\t\t\t<div class=\"elementor-widget-container\">\n\t\t\t\t\t<h2 class=\"elementor-heading-title elementor-size-default\">Datenschutzerkl\u00e4rung<\/h2>\t\t\t\t<\/div>\n\t\t\t\t<\/div>\n\t\t\t\t<div class=\"elementor-element elementor-element-e5d0c27 elementor-widget elementor-widget-text-editor\" data-id=\"e5d0c27\" data-element_type=\"widget\" data-e-type=\"widget\" data-widget_type=\"text-editor.default\">\n\t\t\t\t<div class=\"elementor-widget-container\">\n\t\t\t\t\t\t\t\t\tWir freuen uns sehr \u00fcber Ihr Interesse an unserem Unternehmen. Datenschutz hat\neinen besonders hohen Stellenwert f\u00fcr die Gesch\u00e4ftsleitung f\u00fcr folgenden\nHerausgeber dieser Website: Pralizia. Eine Nutzung der Internetseiten der Pralizia\nist grunds\u00e4tzlich ohne jede Angabe personenbezogener Daten m\u00f6glich. Sofern eine\nbetroffene Person besondere Services unseres Unternehmens \u00fcber unsere\nInternetseite in Anspruch nehmen m\u00f6chte, k\u00f6nnte jedoch eine Verarbeitung\npersonenbezogener Daten erforderlich werden. Ist die Verarbeitung\npersonenbezogener Daten erforderlich und besteht f\u00fcr eine solche Verarbeitung\nkeine gesetzliche Grundlage, holen wir generell eine Einwilligung der betroffenen\nPerson ein.\nDie Verarbeitung personenbezogener Daten, beispielsweise des Namens, der\nAnschrift, E-Mail-Adresse oder Telefonnummer einer betroffenen Person, erfolgt\nstets im Einklang mit der Datenschutz-Grundverordnung und in \u00dcbereinstimmung mit\nden f\u00fcr die Pralizia geltenden landesspezifischen Datenschutzbestimmungen. Mittels\ndieser Datenschutzerkl\u00e4rung m\u00f6chte unser Unternehmen die \u00d6ffentlichkeit \u00fcber Art,\nUmfang und Zweck der von uns erhobenen, genutzten und verarbeiteten\npersonenbezogenen Daten informieren. Ferner werden betroffene Personen mittels\ndieser Datenschutzerkl\u00e4rung \u00fcber die ihnen zustehenden Rechte aufgekl\u00e4rt.\nDie Pralizia hat als f\u00fcr die Verarbeitung Verantwortlicher zahlreiche technische und\norganisatorische Ma\u00dfnahmen umgesetzt, um einen m\u00f6glichst l\u00fcckenlosen Schutz\nder \u00fcber diese Internetseite verarbeiteten personenbezogenen Daten\nsicherzustellen. Dennoch k\u00f6nnen internetbasierte Daten\u00fcbertragungen grunds\u00e4tzlich\nSicherheitsl\u00fccken aufweisen, sodass ein absoluter Schutz nicht gew\u00e4hrleistet werden\nkann. Aus diesem Grund steht es jeder betroffenen Person frei, personenbezogene\nDaten auch auf alternativen Wegen, beispielsweise telefonisch, an uns zu\n\u00fcbermitteln.\n\n1. Begriffsbestimmungen\nDie Datenschutzerkl\u00e4rung der Pralizia beruht auf den Begrifflichkeiten, die durch den\nEurop\u00e4ischen Richtlinien- und Verordnungsgeber beim Erlass der Datenschutz-\nGrundverordnung (DSGVO) verwendet wurden. Unsere Datenschutzerkl\u00e4rung soll\nsowohl f\u00fcr die \u00d6ffentlichkeit als auch f\u00fcr unsere Kunden und Gesch\u00e4ftspartner\neinfach lesbar und verst\u00e4ndlich sein. Um dies zu gew\u00e4hrleisten, m\u00f6chten wir vorab\ndie verwendeten Begrifflichkeiten erl\u00e4utern.\nWir verwenden in dieser Datenschutzerkl\u00e4rung unter anderem die folgenden Begriffe:\n\n1) Personenbezogene Daten\nPersonenbezogene Daten sind alle Informationen, die sich auf eine identifizierte oder\nidentifizierbare nat\u00fcrliche Person (im Folgenden \u201ebetroffene Person&#8220;) beziehen. Als\nidentifizierbar wird eine nat\u00fcrliche Person angesehen, die direkt oder indirekt,\ninsbesondere mittels Zuordnung zu einer Kennung wie einem Namen, zu einer\nKennnummer, zu Standortdaten, zu einer Online-Kennung oder zu einem oder\nmehreren besonderen Merkmalen, die Ausdruck der physischen, physiologischen,\ngenetischen, psychischen, wirtschaftlichen, kulturellen oder sozialen Identit\u00e4t dieser\nnat\u00fcrlichen Person sind, identifiziert werden kann.\n\n2) Betroffene Person\nBetroffene Person ist jede identifizierte oder identifizierbare nat\u00fcrliche Person, deren\npersonenbezogene Daten von dem f\u00fcr die Verarbeitung Verantwortlichen verarbeitet\nwerden.\n\n3) Verarbeitung\nVerarbeitung ist jeder mit oder ohne Hilfe automatisierter Verfahren ausgef\u00fchrte\nVorgang oder jede solche Vorgangsreihe im Zusammenhang mit\npersonenbezogenen Daten, wie das Erheben, das Erfassen, die Organisation, das\nOrdnen, die Speicherung, die Anpassung oder Ver\u00e4nderung, das Auslesen, das\nAbfragen, die Verwendung, die Offenlegung durch \u00dcbermittlung, Verbreitung oder\neine andere Form der Bereitstellung, den Abgleich oder die Verkn\u00fcpfung, die\nEinschr\u00e4nkung, das L\u00f6schen oder die Vernichtung.\n\n4) Einschr\u00e4nkung der Verarbeitung\nEinschr\u00e4nkung der Verarbeitung ist die Markierung gespeicherter\npersonenbezogener Daten mit dem Ziel, ihre k\u00fcnftige Verarbeitung einzuschr\u00e4nken\n\n5) Profiling\nProfiling ist jede Art der automatisierten Verarbeitung personenbezogener Daten, die\ndarin besteht, dass diese personenbezogenen Daten verwendet werden, um\nbestimmte pers\u00f6nliche Aspekte, die sich auf eine nat\u00fcrliche Person beziehen, zu\nbewerten, insbesondere, um Aspekte bez\u00fcglich Arbeitsleistung, wirtschaftlicher Lage,\nGesundheit, pers\u00f6nlicher Vorlieben, Interessen, Zuverl\u00e4ssigkeit, Verhalten,\nAufenthaltsort oder Ortswechsel dieser nat\u00fcrlichen Person zu analysieren oder\nvorherzusagen.\n\n6) Pseudonymisierung\nPseudonymisierung ist die Verarbeitung personenbezogener Daten in einer Weise,\nauf welche die personenbezogenen Daten ohne Hinzuziehung zus\u00e4tzlicher\nInformationen nicht mehr einer spezifischen betroffenen Person zugeordnet werden\nk\u00f6nnen, sofern diese zus\u00e4tzlichen Informationen gesondert aufbewahrt werden und\ntechnischen und organisatorischen Ma\u00dfnahmen unterliegen, die gew\u00e4hrleisten, dass\ndie personenbezogenen Daten nicht einer identifizierten oder identifizierbaren\nnat\u00fcrlichen Person zugewiesen werden.\n\n7) Verantwortlicher oder f\u00fcr die Verarbeitung Verantwortlicher\nVerantwortlicher oder f\u00fcr die Verarbeitung Verantwortlicher ist die nat\u00fcrliche oder\njuristische Person, Beh\u00f6rde, Einrichtung oder andere Stelle, die allein oder\ngemeinsam mit anderen \u00fcber die Zwecke und Mittel der Verarbeitung von\npersonenbezogenen Daten entscheidet. Sind die Zwecke und Mittel dieser\nVerarbeitung durch das Unionsrecht oder das Recht der Mitgliedstaaten vorgegeben,\nso kann der Verantwortliche beziehungsweise k\u00f6nnen die bestimmten Kriterien\nseiner Benennung nach dem Unionsrecht oder dem Recht der Mitgliedstaaten\nvorgesehen werden.\n\n8) Auftragsverarbeiter\nAuftragsverarbeiter ist eine nat\u00fcrliche oder juristische Person, Beh\u00f6rde, Einrichtung\noder andere Stelle, die personenbezogene Daten im Auftrag des Verantwortlichen\nverarbeitet.\n\n9) Empf\u00e4nger\nEmpf\u00e4nger ist eine nat\u00fcrliche oder juristische Person, Beh\u00f6rde, Einrichtung oder\nandere Stelle, der personenbezogene Daten offengelegt werden, unabh\u00e4ngig davon,\nob es sich bei ihr um einen Dritten handelt oder nicht. Beh\u00f6rden, die im Rahmen\neines bestimmten Untersuchungsauftrags nach dem Unionsrecht oder dem Recht\nder Mitgliedstaaten m\u00f6glicherweise personenbezogene Daten erhalten, gelten\njedoch nicht als Empf\u00e4nger.\n\n10) Dritter\nDritter ist eine nat\u00fcrliche oder juristische Person, Beh\u00f6rde, Einrichtung oder andere\nStelle au\u00dfer der betroffenen Person, dem Verantwortlichen, dem Auftragsverarbeiter\nund den Personen, die unter der unmittelbaren Verantwortung des Verantwortlichen\noder des Auftragsverarbeiters befugt sind, die personenbezogenen Daten zu\nverarbeiten.\n\n11) Einwilligung\nEinwilligung ist jede von der betroffenen Person freiwillig f\u00fcr den bestimmten Fall in\ninformierter Weise und unmissverst\u00e4ndlich abgegebene Willensbekundung in Form\neiner Erkl\u00e4rung oder einer sonstigen eindeutigen best\u00e4tigenden Handlung, mit der\ndie betroffene Person zu verstehen gibt, dass sie mit der Verarbeitung der sie\nbetreffenden personenbezogenen Daten einverstanden ist.\n2. Name und Anschrift des f\u00fcr die Verarbeitung Verantwortlichen\nVerantwortlicher im Sinne der Datenschutz-Grundverordnung, sonstiger in den\nMitgliedstaaten der Europ\u00e4ischen Union geltenden Datenschutzgesetze und anderer\nBestimmungen mit datenschutzrechtlichem Charakter, ist die:\n\nHerausgeber: Gulizia Daniele\nAnschrift: Glasbachweg 8\n78713 Schramberg\nTel.: 01712435866\nE-Mail: office@pralizia.com\nWebsite: https:\/\/www.Pralizia.de\n\n3. Cookies\nDie Internetseiten der Pralizia verwenden Cookies. Cookies sind Textdateien, welche\n\u00fcber einen Internetbrowser auf einem Computersystem abgelegt und gespeichert\nwerden.\nZahlreiche Internetseiten und Server verwenden Cookies. Viele Cookies enthalten\neine sogenannte Cookie-ID. Eine Cookie-ID ist eine eindeutige Kennung des\nCookies. Sie besteht aus einer Zeichenfolge, durch welche Internetseiten und Server\ndem konkreten Internetbrowser zugeordnet werden k\u00f6nnen, in dem das Cookie\ngespeichert wurde. Dies erm\u00f6glicht es den besuchten Internetseiten und Servern,\nden individuellen Browser der betroffenen Person von anderen Internetbrowsern, die\nandere Cookies enthalten, zu unterscheiden. Ein bestimmter Internetbrowser kann\n\u00fcber die eindeutige Cookie-ID wiedererkannt und identifiziert werden.\nDurch den Einsatz von Cookies kann die Pralizia den Nutzern dieser Internetseite\nnutzerfreundlichere Services bereitstellen, die ohne die Cookie-Setzung nicht\nm\u00f6glich w\u00e4ren.\nMittels eines Cookies k\u00f6nnen die Informationen und Angebote auf unserer\nInternetseite im Sinne des Benutzers optimiert werden. Cookies erm\u00f6glichen uns,\nwie bereits erw\u00e4hnt, die Benutzer unserer Internetseite wiederzuerkennen. Zweck\ndieser Wiedererkennung ist es, den Nutzern die Verwendung unserer Internetseite zu\nerleichtern. Der Benutzer einer Internetseite, die Cookies verwendet, muss\nbeispielsweise nicht bei jedem Besuch der Internetseite erneut seine Zugangsdaten\neingeben, weil dies von der Internetseite und dem auf dem Computersystem des\nBenutzers abgelegten Cookie \u00fcbernommen wird. Ein weiteres Beispiel ist das Cookie\neines Warenkorbes im Online-Shop. Der Online-Shop merkt sich die Artikel, die ein\nKunde in den virtuellen Warenkorb gelegt hat, \u00fcber ein Cookie.\nWir verwenden auf unserer Website dar\u00fcber hinaus Cookies, die eine Analyse des\nSurfverhaltens der Nutzer erm\u00f6glichen.\nAuf diese Weise k\u00f6nnen folgende Daten \u00fcbermittelt werden:\nH\u00e4ufigkeit von Seitenaufrufe\nEingegebene Suchbegriffe\nInanspruchnahme von Website-Funktionen\nDie auf diese Weise erhobenen Daten der Nutzer werden durch technische\nVorkehrungen pseudonymisiert. Daher ist eine Zuordnung der Daten zum\naufrufenden Nutzer nicht mehr m\u00f6glich. Die Daten werden nicht gemeinsam mit\nsonstigen personenbezogenen Daten der Nutzer gespeichert.\nBeim Aufruf unserer Website wird der Nutzer \u00fcber die Verwendung von Cookies zu\nAnalysezwecken informiert und seine Einwilligung zur Verarbeitung der in diesem\nZusammenhang verwendeten personenbezogenen Daten eingeholt. In diesem\nZusammenhang erfolgt auch ein Hinweis auf diese Datenschutzerkl\u00e4rung.\nDie Rechtsgrundlage f\u00fcr die Verarbeitung personenbezogener Daten unter\nVerwendung von Cookies zu Analysezwecken ist bei Vorliegen einer diesbez\u00fcglichen\nEinwilligung des Nutzers Art. 6 Abs. 1 lit. a DSGVO.\nDie betroffene Person kann die Setzung von Cookies durch unsere Internetseite\njederzeit mittels einer entsprechenden Einstellung des genutzten Internetbrowsers\nverhindern und damit der Setzung von Cookies dauerhaft widersprechen. Ferner\nk\u00f6nnen bereits gesetzte Cookies jederzeit \u00fcber einen Internetbrowser oder andere\nSoftwareprogramme gel\u00f6scht werden. Dies ist in allen g\u00e4ngigen Internetbrowsern\nm\u00f6glich. Deaktiviert die betroffene Person die Setzung von Cookies in dem\ngenutzten Internetbrowser, sind unter Umst\u00e4nden nicht alle Funktionen unserer\nInternetseite vollumf\u00e4nglich nutzbar.\n\n4. Erfassung von allgemeinen Daten und Informationen\nDie Internetseite der Pralizia erfasst mit jedem Aufruf der Internetseite durch eine\nbetroffene Person oder ein automatisiertes System eine Reihe von allgemeinen\nDaten und Informationen. Diese allgemeinen Daten und Informationen werden in den\nLogfiles des Servers gespeichert. Erfasst werden k\u00f6nnen die (1) verwendeten\nBrowsertypen und Versionen, (2) das vom zugreifenden System verwendete\nBetriebssystem, (3) die Internetseite, von welcher ein zugreifendes System auf\nunsere Internetseite gelangt (sogenannte Referrer), (4) die Unterwebseiten, welche\n\u00fcber ein zugreifendes System auf unserer Internetseite angesteuert werden, (5) das\nDatum und die Uhrzeit eines Zugriffs auf die Internetseite, (6) eine Internet-Protokoll-\nAdresse (IP-Adresse), (7) der Internet-Service-Provider des zugreifenden Systems\nund (8) sonstige \u00e4hnliche Daten und Informationen, die der Gefahrenabwehr im Falle\nvon Angriffen auf unsere informationstechnologischen Systeme dienen.\nBei der Nutzung dieser allgemeinen Daten und Informationen zieht die Pralizia keine\nR\u00fcckschl\u00fcsse auf die betroffene Person. Diese Informationen werden vielmehr\nben\u00f6tigt, um (1) die Inhalte unserer Internetseite korrekt auszuliefern, (2) die Inhalte\nunserer Internetseite sowie die Werbung f\u00fcr diese zu optimieren, (3) die dauerhafte\nFunktionsf\u00e4higkeit unserer informationstechnologischen Systeme und der Technik\nunserer Internetseite zu gew\u00e4hrleisten sowie (4) um Strafverfolgungsbeh\u00f6rden im\nFalle eines Cyberangriffes die zur Strafverfolgung notwendigen Informationen\nbereitzustellen. Diese anonym erhobenen Daten und Informationen werden durch die\nPralizia daher einerseits statistisch und ferner mit dem Ziel ausgewertet, den\nDatenschutz und die Datensicherheit in unserem Unternehmen zu erh\u00f6hen, um auch\nein optimales Schutzniveau f\u00fcr die von uns verarbeiteten personenbezogenen Daten\nsicherzustellen. Die anonymen Daten der Server-Logfiles werden getrennt von allen\ndurch eine betroffene Person angegebenen personenbezogenen Daten gespeichert.\nDaneben werden auch, soweit die ausdr\u00fcckliche Erlaubnis der betreffenden Nutzer\nund unter Einhaltung der geltenden Datenschutzbestimmungen vorliegt, folgende\npers\u00f6nliche Daten erfasst:\n\nVor- und Nachnamen der Nutzer\nIP-Adresse der Nutzer\nE-Mail-Adresse der Nutzer\nAngaben zum Wohnort (Postleitzahl usw.)\n\nDie Verarbeitung der personenbezogenen Daten erfolgt aufgrund unseres\nberechtigten Interesses zur Erf\u00fcllung unserer vertraglich vereinbarten Leistungen und\nzur Optimierung unseres Online-Angebotes.\nDiese Website k\u00f6nnen Sie auch besuchen, ohne Angaben zu Ihrer Person zu\nmachen. Zur Verbesserung unseres Online-Angebotes speichern wir jedoch (ohne\nPersonenbezug) Ihre Zugriffsdaten auf diese Website. Zu diesen Zugriffsdaten\ngeh\u00f6ren z. B. die von Ihnen angeforderte Datei oder der Name Ihres Internet-\nProviders. Durch die Anonymisierung der Daten sind R\u00fcckschl\u00fcsse auf Ihre Person\nnicht m\u00f6glich.\n\n5. SSL-Verschl\u00fcsselung\nUm die Sicherheit Ihrer Daten bei der \u00dcbertragung zu sch\u00fctzen, verwenden wir dem\naktuellen Stand der Technik entsprechende Verschl\u00fcsselungsverfahren (z. B. SSL)\n\u00fcber HTTPS.\n\n6. Abonnement unseres Newsletters\nAuf der Internetseite der Pralizia wird den Benutzern die M\u00f6glichkeit einger\u00e4umt, den\nNewsletter unseres Unternehmens zu abonnieren. Welche personenbezogenen\nDaten bei der Bestellung des Newsletters an den f\u00fcr die Verarbeitung\nVerantwortlichen \u00fcbermittelt werden, ergibt sich aus der hierzu verwendeten\nEingabemaske.\nDie Pralizia informiert ihre Kunden und Gesch\u00e4ftspartner in regelm\u00e4\u00dfigen Abst\u00e4nden\nim Wege eines Newsletters \u00fcber Angebote des Unternehmens. Der Newsletter\nunseres Unternehmens kann von der betroffenen Person grunds\u00e4tzlich nur dann\nempfangen werden, wenn (1) die betroffene Person \u00fcber eine g\u00fcltige E-Mail-Adresse\nverf\u00fcgt und (2) die betroffene Person sich f\u00fcr den Newsletterversand registriert. An\ndie von einer betroffenen Person erstmalig f\u00fcr den Newsletterversand eingetragene\nE-Mail-Adresse wird aus rechtlichen Gr\u00fcnden eine Best\u00e4tigungsmail im Double-Opt-\nIn-Verfahren versendet. Diese Best\u00e4tigungsmail dient der \u00dcberpr\u00fcfung, ob der\nInhaber der E-Mail-Adresse als betroffene Person den Empfang des Newsletters\nautorisiert hat.\nBei der Anmeldung zum Newsletter speichern wir ferner die vom Internet-Service-\nProvider (ISP) vergebene IP-Adresse des von der betroffenen Person zum Zeitpunkt\nder Anmeldung verwendeten Computersystems sowie das Datum und die Uhrzeit der\nAnmeldung. Die Erhebung dieser Daten ist erforderlich, um den(m\u00f6glichen)\nMissbrauch der E-Mail-Adresse einer betroffenen Person zu einem sp\u00e4teren\nZeitpunkt nachvollziehen zu k\u00f6nnen und dient deshalb der rechtlichen Absicherung\ndes f\u00fcr die Verarbeitung Verantwortlichen.\nDie im Rahmen einer Anmeldung zum Newsletter erhobenen personenbezogenen\nDaten werden ausschlie\u00dflich zum Versand unseres Newsletters verwendet. Ferner\nk\u00f6nnten Abonnenten des Newsletters per E-Mail informiert werden, sofern dies f\u00fcr\nden Betrieb des Newsletter-Dienstes oder eine diesbez\u00fcgliche Registrierung\nerforderlich ist, wie dies im Falle von \u00c4nderungen am Newsletterangebot oder bei der\nVer\u00e4nderung der technischen Gegebenheiten der Fall sein k\u00f6nnte. Es erfolgt keine\nWeitergabe der im Rahmen des Newsletter-Dienstes erhobenen personenbezogenen\nDaten an Dritte. Das Abonnement unseres Newsletters kann durch die betroffene\nPerson jederzeit gek\u00fcndigt werden. Die Einwilligung in die Speicherung\npersonenbezogener Daten, die die betroffene Person uns f\u00fcr den Newsletterversand\nerteilt hat, kann jederzeit widerrufen werden. Zum Zwecke des Widerrufs der\nEinwilligung findet sich in jedem Newsletter ein entsprechender Link. Ferner besteht\ndie M\u00f6glichkeit, sich jederzeit auch direkt auf der Internetseite des f\u00fcr die\nVerarbeitung Verantwortlichen vom Newsletterversand abzumelden oder dies dem\nf\u00fcr die Verarbeitung Verantwortlichen auf andere Weise mitzuteilen.\nTeile unseres Newsletters k\u00f6nnen Werbematerial enthalten.\n\n7. Newsletter-Tracking\nDie Newsletter der Pralizia enthalten sogenannte Z\u00e4hlpixel. Ein Z\u00e4hlpixel ist eine\nMiniaturgrafik, die in solche E-Mails eingebettet wird, welche im HTML-Format\nversendet werden, um eine Logdatei-Aufzeichnung und eine Logdatei-Analyse zu\nerm\u00f6glichen. Dadurch kann eine statistische Auswertung des Erfolges oder\nMisserfolges von Online-Marketing-Kampagnen durchgef\u00fchrt werden. Anhand des\neingebetteten Z\u00e4hlpixels kann die Pralizia erkennen, ob und wann eine E-Mail von\neiner betroffenen Person ge\u00f6ffnet wurde und welche in der E-Mail befindlichen Links\nvon der betroffenen Person aufgerufen wurden.\nSolche, \u00fcber die in den Newslettern enthaltenen Z\u00e4hlpixel erhobenen\npersonenbezogenen Daten, werden, von dem f\u00fcr die Verarbeitung Verantwortlichen,\ngespeichert und ausgewertet, um den Newsletterversand zu optimieren und den\nInhalt zuk\u00fcnftiger Newsletter noch besser den Interessen der betroffenen Person\nanzupassen. Diese personenbezogenen Daten werden nicht an Dritte\nweitergegeben. Betroffene Personen sind jederzeit berechtigt, die diesbez\u00fcgliche\ngesonderte, \u00fcber das Double-Opt-In-Verfahren abgegebene Einwilligungserkl\u00e4rung\nzu widerrufen. Nach einem Widerruf werden diese personenbezogenen Daten von\ndem f\u00fcr die Verarbeitung Verantwortlichen gel\u00f6scht. Eine Abmeldung vom Erhalt des\nNewsletters deutet die Pralizia automatisch als Widerruf.\n\n8. Registrierung auf unserer Internetseite\nDie betroffene Person hat die M\u00f6glichkeit, sich auf der Internetseite des f\u00fcr die\nVerarbeitung Verantwortlichen unter Angabe von personenbezogenen Daten zu\nregistrieren. Welche personenbezogenen Daten dabei an den f\u00fcr die Verarbeitung\nVerantwortlichen \u00fcbermittelt werden, ergibt sich aus der jeweiligen Eingabemaske,\ndie f\u00fcr die Registrierung verwendet wird. Die von der betroffenen Person\neingegebenen personenbezogenen Daten werden ausschlie\u00dflich f\u00fcr die interne\nVerwendung bei dem f\u00fcr die Verarbeitung Verantwortlichen und f\u00fcr eigene Zwecke\nerhoben und gespeichert. Der f\u00fcr die Verarbeitung Verantwortliche kann die\nWeitergabe an einen oder mehrere Auftragsverarbeiter, beispielsweise einen\nPaketdienstleister, veranlassen, der die personenbezogenen Daten ebenfalls\nausschlie\u00dflich f\u00fcr eine interne Verwendung, die dem f\u00fcr die Verarbeitung\nVerantwortlichen zuzurechnen ist, nutzt.\nDurch eine Registrierung auf der Internetseite des f\u00fcr die Verarbeitung\nVerantwortlichen wird ferner die vom Internet-Service-Provider (ISP) der betroffenen\nPerson vergebene IP-Adresse, das Datum sowie die Uhrzeit der Registrierung\ngespeichert. Die Speicherung dieser Daten erfolgt vor dem Hintergrund, dass nur so\nder Missbrauch unserer Dienste verhindert werden kann, und diese Daten im\nBedarfsfall erm\u00f6glichen, begangene Straftaten aufzukl\u00e4ren. Insofern ist die\nSpeicherung dieser Daten zur Absicherung des f\u00fcr die Verarbeitung Verantwortlichen\nerforderlich. Eine Weitergabe dieser Daten an Dritte erfolgt grunds\u00e4tzlich nicht,\nsofern keine gesetzliche Pflicht zur Weitergabe besteht oder die Weitergabe der\nStrafverfolgung dient.\nDie Registrierung der betroffenen Person unter freiwilliger Angabe\npersonenbezogener Daten dient dem f\u00fcr die Verarbeitung Verantwortlichen dazu, der\nbetroffenen Person Inhalte oder Leistungen anzubieten, die aufgrund der Natur der\nSache nur registrierten Benutzern angeboten werden k\u00f6nnen. Registrierten\nPersonen steht die M\u00f6glichkeit frei, die bei der Registrierung angegebenen\npersonenbezogenen Daten jederzeit abzu\u00e4ndern oder vollst\u00e4ndig aus dem\nDatenbestand des f\u00fcr die Verarbeitung Verantwortlichen l\u00f6schen zu lassen.\nDer f\u00fcr die Verarbeitung Verantwortliche erteilt jeder betroffenen Person jederzeit auf\nAnfrage Auskunft dar\u00fcber, welche personenbezogenen Daten \u00fcber die betroffene\nPerson gespeichert sind. Ferner berichtigt oder l\u00f6scht der f\u00fcr die Verarbeitung\nVerantwortliche personenbezogene Daten auf Wunsch oder Hinweis der betroffenen\nPerson, soweit dem keine gesetzlichen Aufbewahrungspflichten entgegenstehen. Die\nGesamtheit der Mitarbeiter des f\u00fcr die Verarbeitung Verantwortlichen stehen der\nbetroffenen Person in diesem Zusammenhang als Ansprechpartner zur Verf\u00fcgung.\n\n9. Kontaktm\u00f6glichkeit \u00fcber die Internetseite\nDie Internetseite der Pralizia enth\u00e4lt aufgrund von gesetzlichen Vorschriften\nAngaben, die eine schnelle elektronische Kontaktaufnahme zu unserem\nUnternehmen sowie eine unmittelbare Kommunikation mit uns erm\u00f6glichen, was\nebenfalls eine allgemeine Adresse der sogenannten elektronischen Post (E-Mail-\nAdresse) umfasst. Sofern eine betroffene Person per E-Mail oder \u00fcber ein\nKontaktformular den Kontakt mit dem f\u00fcr die Verarbeitung Verantwortlichen\naufnimmt, werden die von der betroffenen Person \u00fcbermittelten personenbezogenen\nDaten automatisch gespeichert. Solche auf freiwilliger Basis von einer betroffenen\nPerson an den f\u00fcr die Verarbeitung Verantwortlichen \u00fcbermittelten\npersonenbezogenen Daten werden f\u00fcr Zwecke der Bearbeitung oder der\nKontaktaufnahme zur betroffenen Person gespeichert. Es erfolgt keine Weitergabe\ndieser personenbezogenen Daten an Dritte.\n\n10. Kommentarfunktion im Blog auf der Internetseite\nDie Pralizia bietet den Nutzern auf einem Blog, der sich auf der Internetseite des f\u00fcr\ndie Verarbeitung Verantwortlichen befindet, die M\u00f6glichkeit, individuelle Kommentare\nzu einzelnen Blog-Beitr\u00e4gen zu hinterlassen. Ein Blog ist ein auf einer Internetseite\ngef\u00fchrtes, in der Regel \u00f6ffentlich einsehbares Portal, in welchem eine oder mehrere\nPersonen, die Blogger oder Web-Blogger genannt werden, Artikel posten oder\nGedanken in sogenannten Blogposts niederschreiben k\u00f6nnen. Die Blogposts k\u00f6nnen\nin der Regel von Dritten kommentiert werden.\nHinterl\u00e4sst eine betroffene Person einen Kommentar in dem auf dieser Internetseite\nver\u00f6ffentlichten Blog, werden neben den von der betroffenen Person hinterlassenen\nKommentaren auch Angaben zum Zeitpunkt der Kommentareingabe sowie zu dem\nvon der betroffenen Person gew\u00e4hlten Nutzernamen (Pseudonym) gespeichert und\nver\u00f6ffentlicht. Ferner wird die vom Internet-Service-Provider (ISP) der betroffenen\nPerson vergebene IP-Adresse mitprotokolliert. Diese Speicherung der IP-Adresse\nerfolgt aus Sicherheitsgr\u00fcnden und f\u00fcr den Fall, dass die betroffene Person durch\neinen abgegebenen Kommentar die Rechte Dritter verletzt oder rechtswidrige Inhalte\npostet. Die Speicherung dieser personenbezogenen Daten erfolgt daher im eigenen\nInteresse des f\u00fcr die Verarbeitung Verantwortlichen, damit sich dieser im Falle einer\nRechtsverletzung gegebenenfalls exkulpieren k\u00f6nnte. Es erfolgt keine Weitergabe\ndieser erhobenen personenbezogenen Daten an Dritte, sofern eine solche\nWeitergabe nicht gesetzlich vorgeschrieben ist oder der Rechtsverteidigung des f\u00fcr\ndie Verarbeitung Verantwortlichen dient.\n\n11. Abonnement von Kommentaren im Blog auf der Internetseite\nDie im Blog der Pralizia abgegebenen Kommentare k\u00f6nnen grunds\u00e4tzlich von Dritten\nabonniert werden. Insbesondere besteht die M\u00f6glichkeit, dass ein Kommentator die\nseinem Kommentar nachfolgenden Kommentare zu einem bestimmten Blog-Beitrag\nabonniert.\nSofern sich eine betroffene Person f\u00fcr die Option entscheidet, Kommentare zu\nabonnieren, versendet der f\u00fcr die Verarbeitung Verantwortliche eine automatische\nBest\u00e4tigungsmail, um im Double-Opt-In-Verfahren zu \u00fcberpr\u00fcfen, ob sich wirklich der\nInhaber der angegebenen E-Mail-Adresse f\u00fcr diese Option entschieden hat. Die\nOption zum Abonnement von Kommentaren kann jederzeit beendet werden.\n\n12. Routinem\u00e4\u00dfige L\u00f6schung und Sperrung von personenbezogenen Daten\nDer f\u00fcr die Verarbeitung Verantwortliche verarbeitet und speichert\npersonenbezogene Daten der betroffenen Person nur f\u00fcr den Zeitraum, der zur\nErreichung des Speicherungszwecks erforderlich ist oder sofern dies durch den\neurop\u00e4ischen Richtlinien- und Verordnungsgeber oder einen anderen Gesetzgeber in\nGesetzen oder Vorschriften, welchen der f\u00fcr die Verarbeitung Verantwortliche\nunterliegt, vorgesehen wurde.\nEntf\u00e4llt der Speicherungszweck oder l\u00e4uft eine vom europ\u00e4ischen Richtlinien- und\nVerordnungsgeber oder einem anderen zust\u00e4ndigen Gesetzgeber vorgeschriebene\nSpeicherfrist ab, werden die personenbezogenen Daten routinem\u00e4\u00dfig und\nentsprechend den gesetzlichen Vorschriften gesperrt oder gel\u00f6scht.\n\n13. Rechte der betroffenen Person\n\n1) Recht auf Best\u00e4tigung\nJede betroffene Person hat das vom europ\u00e4ischen Richtlinien- und\nVerordnungsgeber einger\u00e4umte Recht, von dem f\u00fcr die Verarbeitung\nVerantwortlichen eine Best\u00e4tigung dar\u00fcber zu verlangen, ob sie betreffende\npersonenbezogene Daten verarbeitet werden. M\u00f6chte eine betroffene Person dieses\nBest\u00e4tigungsrecht in Anspruch nehmen, kann sie sich hierzu jederzeit an einen\nMitarbeiter des f\u00fcr die Verarbeitung Verantwortlichen wenden.\n\n2) Recht auf Auskunft\nJede von der Verarbeitung personenbezogener Daten betroffene Person hat das\nvom europ\u00e4ischen Richtlinien- und Verordnungsgeber gew\u00e4hrte Recht, jederzeit von\ndem f\u00fcr die Verarbeitung Verantwortlichen unentgeltliche Auskunft \u00fcber die zu seiner\nPerson gespeicherten personenbezogenen Daten und eine Kopie dieser Auskunft zu\nerhalten. Ferner hat der Europ\u00e4ische Richtlinien- und Verordnungsgeber der\nbetroffenen Person Auskunft \u00fcber folgende Informationen zugestanden:\ndie Verarbeitungszwecke\ndie Kategorien personenbezogener Daten, die verarbeitet werden\ndie Empf\u00e4nger oder Kategorien von Empf\u00e4ngern, gegen\u00fcber denen die personenbezogenen Daten offengelegt worden sind oder noch offengelegtwerden, insbesondere bei Empf\u00e4ngern in Drittl\u00e4ndern oder bei internationalen Organisationen\nFalls m\u00f6glich die geplante Dauer, f\u00fcr die die personenbezogenen Datengespeichert werden, oder, falls dies nicht m\u00f6glich ist, die Kriterien f\u00fcr die Festlegung dieser Dauer\ndas Bestehen eines Rechts auf Berichtigung oder L\u00f6schung der siebetreffenden personenbezogenen Daten oder auf Einschr\u00e4nkung der Verarbeitung durch den Verantwortlichen oder eines Widerspruchsrechts gegen diese Verarbeitung\ndas Bestehen eines Beschwerderechts bei einer Aufsichtsbeh\u00f6rde\nwenn die personenbezogenen Daten nicht bei der betroffenen Person erhoben\nwerden: Alle verf\u00fcgbaren Informationen \u00fcber die Herkunft der Daten\ndas Bestehen einer automatisierten Entscheidungsfindung einschlie\u00dflich\nProfiling gem\u00e4\u00df Artikel 22 Abs.1 und 4 DSGVO und \u2014 zumindest in diesen\nF\u00e4llen \u2014 aussagekr\u00e4ftige Informationen \u00fcber die involvierte Logik sowie die\nTragweite und die angestrebten Auswirkungen einer derartigen Verarbeitung\nf\u00fcr die betroffene Person\nFerner steht der betroffenen Person ein Auskunftsrecht dar\u00fcber zu, ob\npersonenbezogene Daten an ein Drittland oder an eine internationale Organisation\n\u00fcbermittelt wurden. Sofern dies der Fall ist, so steht der betroffenen Person im\n\u00dcbrigen das Recht zu, Auskunft \u00fcber die geeigneten Garantien im Zusammenhang\nmit der \u00dcbermittlung zu erhalten. M\u00f6chte eine betroffene Person dieses\nAuskunftsrecht in Anspruch nehmen, kann sie sich hierzu jederzeit an einen\nMitarbeiter des f\u00fcr die Verarbeitung Verantwortlichen wenden.\n\n\n3) Recht auf Berichtigung\nJede von der Verarbeitung personenbezogener Daten betroffene Person hat das\nvom europ\u00e4ischen Richtlinien- und Verordnungsgeber gew\u00e4hrte Recht, die\nunverz\u00fcgliche Berichtigung sie betreffender unrichtiger personenbezogener Daten zu\nverlangen. Ferner steht der betroffenen Person das Recht zu, unter Ber\u00fccksichtigung\nder Zwecke der Verarbeitung, die Vervollst\u00e4ndigung unvollst\u00e4ndiger\npersonenbezogener Daten \u2014 auch mittels einer erg\u00e4nzenden Erkl\u00e4rung \u2014 zu\nverlangen. M\u00f6chte eine betroffene Person dieses Berichtigungsrecht in Anspruch\nnehmen, kann sie sich hierzu jederzeit an einen Mitarbeiter des f\u00fcr die Verarbeitung\nVerantwortlichen wenden.\n\n4) Recht auf L\u00f6schung (Recht auf Vergessen werden)\nJede von der Verarbeitung personenbezogener Daten betroffene Person hat das\nvom europ\u00e4ischen Richtlinien- und Verordnungsgeber gew\u00e4hrte Recht, von dem\nVerantwortlichen zu verlangen, dass die sie betreffenden personenbezogenen Daten\nunverz\u00fcglich gel\u00f6scht werden, sofern einer der folgenden Gr\u00fcnde zutrifft und soweit\ndie Verarbeitung nicht erforderlich ist:\nDie personenbezogenen Daten wurden f\u00fcr solche Zwecke erhoben oder aufsonstige Weise verarbeitet, f\u00fcr welche sie nicht mehr notwendig sind.\nDie betroffene Person widerruft ihre Einwilligung, auf die sich die Verarbeitunggem\u00e4\u00df Art. 6 Abs. 1 Buchstabe a DSGVO oder Art. 9 Abs. 2 Buchstabe aDSGVO st\u00fctzte, und es fehlt an einer anderweitigen Rechtsgrundlage f\u00fcr die Verarbeitung.\nDie betroffene Person legt gem\u00e4\u00df Art. 21 Abs. 1 DSGVO Widerspruch gegendie Verarbeitung ein, und es liegen keine vorrangigen berechtigten Gr\u00fcnde f\u00fcrdie Verarbeitung vor, oder die betroffene Person legt gem\u00e4\u00df Art. 21 Abs. 2 DSGVO Widerspruch gegen die Verarbeitung ein.\nDie personenbezogenen Daten wurden unrechtm\u00e4\u00dfig verarbeitet.\nDie L\u00f6schung der personenbezogenen Daten ist zur Erf\u00fcllung einer rechtlichen\nVerpflichtung nach dem Unionsrecht oder dem Recht der Mitgliedstaaten\nerforderlich, dem der Verantwortliche unterliegt.\nDie personenbezogenen Daten wurden in Bezug auf angebotene Dienste der\nInformationsgesellschaft gem\u00e4\u00df Art. 8 Abs. 1 DSGVO erhoben.\nSofern einer der oben genannten Gr\u00fcnde zutrifft und eine betroffene Person die\nL\u00f6schung von personenbezogenen Daten, die bei der Pralizia gespeichert sind,\nveranlassen m\u00f6chte, kann sie sich hierzu jederzeit an einen Mitarbeiter des f\u00fcr die\nVerarbeitung Verantwortlichen wenden. Der Mitarbeiter der Pralizia wird veranlassen,\ndass dem L\u00f6schverlangen unverz\u00fcglich nachgekommen wird.Wurden die\npersonenbezogenen Daten von der Pralizia \u00f6ffentlich gemacht und ist unser\nUnternehmen als Verantwortlicher gem\u00e4\u00df Art. 17 Abs. 1 DSGVO zur L\u00f6schung der\npersonenbezogenen Daten verpflichtet, so trifft die Pralizia unter Ber\u00fccksichtigung\nder verf\u00fcgbaren Technologie und der Implementierungskosten angemessene\nMa\u00dfnahmen, auch technischer Art, um andere f\u00fcr die Datenverarbeitung\nVerantwortliche, welche die ver\u00f6ffentlichten personenbezogenen Daten verarbeiten,\ndar\u00fcber in Kenntnis zu setzen, dass die betroffene Person von diesen anderen f\u00fcr\ndie Datenverarbeitung Verantwortlichen die L\u00f6schung s\u00e4mtlicher Links zu diesen\npersonenbezogenen Daten oder von Kopien oder Replikationen dieser\npersonenbezogenen Daten verlangt hat, soweit die Verarbeitung nicht erforderlich\nist. Der Mitarbeiter der Pralizia wird im Einzelfall das Notwendige veranlassen.\n\n\n5) Recht auf Einschr\u00e4nkung der Verarbeitung\nJede von der Verarbeitung personenbezogener Daten betroffene Person hat das\nvom europ\u00e4ischen Richtlinien- und Verordnungsgeber gew\u00e4hrte Recht, von dem\nVerantwortlichen die Einschr\u00e4nkung der Verarbeitung zu verlangen, wenn eine der\nfolgenden Voraussetzungen gegeben ist:\nDie Richtigkeit der personenbezogenen Daten wird von der betroffenen Person\nbestritten, und zwar f\u00fcr eine Dauer, die es dem Verantwortlichen erm\u00f6glicht, die\nRichtigkeit der personenbezogenen Daten zu \u00fcberpr\u00fcfen.\nDie Verarbeitung ist unrechtm\u00e4\u00dfig, die betroffene Person lehnt die L\u00f6schung der\npersonenbezogenen Daten ab und verlangt stattdessen die Einschr\u00e4nkung der\nNutzung der personenbezogenen Daten.\nDer Verantwortliche ben\u00f6tigt die personenbezogenen Daten f\u00fcr die Zwecke der\nVerarbeitung nicht l\u00e4nger, die betroffene Person ben\u00f6tigt sie jedoch zur\nGeltendmachung, Aus\u00fcbung oder Verteidigung von Rechtsanspr\u00fcchen.\nDie betroffene Person hat Widerspruch gegen die Verarbeitung gem. Art. 21 Abs. 1\nDSGVO eingelegt und es steht noch nicht fest, ob die berechtigten Gr\u00fcnde des\nVerantwortlichen gegen\u00fcber denen der betroffenen Person \u00fcberwiegen.\nSofern eine der oben genannten Voraussetzungen gegeben ist und eine betroffene\nPerson die Einschr\u00e4nkung von personenbezogenen Daten, die bei der Pralizia\ngespeichert sind, verlangen m\u00f6chte, kann sie sich hierzu jederzeit an einen\nMitarbeiter des f\u00fcr die Verarbeitung Verantwortlichen wenden. Der Mitarbeiter der\nPralizia wird die Einschr\u00e4nkung der Verarbeitung veranlassen.\n\n6) Recht auf Daten\u00fcbertragbarkeit\nJede von der Verarbeitung personenbezogener Daten betroffene Person hat das\nvom europ\u00e4ischen Richtlinien- und Verordnungsgeber gew\u00e4hrte Recht, die sie\nbetreffenden personenbezogenen Daten, welche durch die betroffene Person einem\nVerantwortlichen bereitgestellt wurden, in einem strukturierten, g\u00e4ngigen und\nmaschinenlesbaren Format zu erhalten. Sie hat au\u00dferdem das Recht, diese Daten\neinem anderen Verantwortlichen ohne Behinderung durch den Verantwortlichen,\ndem die personenbezogenen Daten bereitgestellt wurden, zu \u00fcbermitteln, sofern die\nVerarbeitung auf der Einwilligung gem\u00e4\u00df Art. 6 Abs. 1 Buchstabe a DSGVO oder Art.\n\n9 Abs. 2 Buchstabe a DSGVO oder auf einem Vertrag gem\u00e4\u00df Art. 6 Abs. 1\nBuchstabe b DSGVO beruht und die Verarbeitung mithilfe automatisierter Verfahren\nerfolgt, sofern die Verarbeitung nicht f\u00fcr die Wahrnehmung einer Aufgabe erforderlich\nist, die im \u00f6ffentlichen Interesse liegt oder in Aus\u00fcbung \u00f6ffentlicher Gewalt erfolgt,\nwelche dem Verantwortlichen \u00fcbertragen wurde. Ferner hat die betroffene Person bei\nder Aus\u00fcbung ihres Rechts auf Daten\u00fcbertragbarkeit gem\u00e4\u00df Art. 20 Abs. 1 DSGVO\ndas Recht, zu erwirken, dass die personenbezogenen Daten direkt von einem\nVerantwortlichen an einen anderen Verantwortlichen \u00fcbermittelt werden, soweit dies\ntechnisch machbar ist und sofern hiervon nicht die Rechte und Freiheiten anderer\nPersonen beeintr\u00e4chtigt werden. Zur Geltendmachung des Rechts auf\nDaten\u00fcbertragbarkeit kann sich die betroffene Person jederzeit an einen Mitarbeiter\nder Pralizia wenden.\n\n\n\n7) Recht auf Widerspruch\nJede von der Verarbeitung personenbezogener Daten betroffene Person hat das\nvom europ\u00e4ischen Richtlinien- und Verordnungsgeber gew\u00e4hrte Recht, aus Gr\u00fcnden,\ndie sich aus ihrer besonderen Situation ergeben, jederzeit gegen die Verarbeitung\nsie betreffender personenbezogener Daten, die aufgrund von Art. 6 Abs. 1\nBuchstaben e oder f DSGVO erfolgt, Widerspruch einzulegen. Dies gilt auch f\u00fcr ein\nauf diese Bestimmungen gest\u00fctztes Profiling. Die Pralizia verarbeitet die\npersonenbezogenen Daten im Falle des Widerspruchs nicht mehr, es sei denn, wir\nk\u00f6nnen zwingende schutzw\u00fcrdige Gr\u00fcnde f\u00fcr die Verarbeitung nachweisen, die den\nInteressen, Rechten und Freiheiten der betroffenen Person \u00fcberwiegen, oder die\nVerarbeitung dient der Geltendmachung, Aus\u00fcbung oder Verteidigung von\nRechtsanspr\u00fcchen. Verarbeitet die Pralizia personenbezogene Daten, um\nDirektwerbung zu betreiben, so hat die betroffene Person das Recht, jederzeit\nWiderspruch gegen die Verarbeitung der personenbezogenen Daten zum Zwecke\nderartiger Werbung einzulegen. Dies gilt auch f\u00fcr das Profiling, soweit es mit solcher\nDirektwerbung in Verbindung steht. Widerspricht die betroffene Person gegen\u00fcber\nder Pralizia der Verarbeitung f\u00fcr Zwecke der Direktwerbung, so wird die Pralizia die\npersonenbezogenen Daten nicht mehr f\u00fcr diese Zwecke verarbeiten. Zudem hat die\nbetroffene Person das Recht, aus Gr\u00fcnden, die sich aus ihrer besonderen Situation\nergeben, gegen die sie betreffende Verarbeitung personenbezogener Daten, die bei\nder Pralizia zu wissenschaftlichen oder historischen Forschungszwecken oder zu\nstatistischen Zwecken gem\u00e4\u00df Art. 89 Abs. 1 DSGVO erfolgen, Widerspruch\neinzulegen, es sei denn, eine solche Verarbeitung ist zur Erf\u00fcllung einer im\n\u00f6ffentlichen Interesse liegenden Aufgabe erforderlich. Zur Aus\u00fcbung des Rechts auf\nWiderspruch kann sich die betroffene Person direkt jeden Mitarbeiter der Pralizia\noder einen anderen Mitarbeiter wenden. Der betroffenen Person steht es ferner frei,\nim Zusammenhang mit der Nutzung von Diensten der Informationsgesellschaft,\nungeachtet der Richtlinie 2002\/58\/EG, ihr Widerspruchsrecht mittels automatisierter\nVerfahren auszu\u00fcben, bei denen technische Spezifikationen verwendet werden.\n\n8) Automatisierte Entscheidungen im Einzelfall, einschlie\u00dflich Profiling\nJede von der Verarbeitung personenbezogener Daten betroffene Person hat das\nvom europ\u00e4ischen Richtlinien- und Verordnungsgeber gew\u00e4hrte Recht, nicht einer\nausschlie\u00dflich auf einer automatisierten Verarbeitung \u2014 einschlie\u00dflich Profiling \u2014\nberuhenden Entscheidung unterworfen zu werden, die ihr gegen\u00fcber rechtliche\nWirkung entfaltet oder sie in \u00e4hnlicher Weise erheblich beeintr\u00e4chtigt, sofern die\nEntscheidung (1) nicht f\u00fcr den Abschluss oder die Erf\u00fcllung eines Vertrags zwischen\nder betroffenen Person und dem Verantwortlichen erforderlich ist, oder (2) aufgrund\nvon Rechtsvorschriften der Union oder der Mitgliedstaaten, denen der\nVerantwortliche unterliegt, zul\u00e4ssig ist und diese Rechtsvorschriften angemessene\nMa\u00dfnahmen zur Wahrung der Rechte und Freiheiten sowie der berechtigten\nInteressen der betroffenen Person enthalten oder (3) mit ausdr\u00fccklicher Einwilligung\nder betroffenen Person erfolgt. Ist die Entscheidung (1) f\u00fcr den Abschluss oder die\nErf\u00fcllung eines Vertrags zwischen der betroffenen Person und dem Verantwortlichen\nerforderlich oder (2) erfolgt sie mit ausdr\u00fccklicher Einwilligung der betroffenen\nPerson, trifft die Pralizia angemessene Ma\u00dfnahmen, um die Rechte und Freiheiten\nsowie die berechtigten Interessen der betroffenen Person zu wahren, wozu\nmindestens das Recht auf Erwirkung des Eingreifens einer Person seitens des\nVerantwortlichen, auf Darlegung des eigenen Standpunkts und auf Anfechtung der\nEntscheidung geh\u00f6rt. M\u00f6chte die betroffene Person Rechte mit Bezug auf\nautomatisierte Entscheidungen geltend machen, kann sie sich hierzu jederzeit an\neinen Mitarbeiter des f\u00fcr die Verarbeitung Verantwortlichen wenden.\n\n9) Recht auf Widerruf einer datenschutzrechtlichen Einwilligung\nJede von der Verarbeitung personenbezogener Daten betroffene Person hat das\nvom europ\u00e4ischen Richtlinien- und Verordnungsgeber gew\u00e4hrte Recht, eine\nEinwilligung zur Verarbeitung personenbezogener Daten jederzeit zu widerrufen.\nM\u00f6chte die betroffene Person ihr Recht auf Widerruf einer Einwilligung geltend\nmachen, kann sie sich hierzu jederzeit an einen Mitarbeiter des f\u00fcr die Verarbeitung\nVerantwortlichen wenden.\n\n14. Datenschutz bei Bewerbungen und im Bewerbungsverfahren\nDer f\u00fcr die Verarbeitung Verantwortliche erhebt und verarbeitet die\npersonenbezogenen Daten von Bewerbern zum Zwecke der Abwicklung des\nBewerbungsverfahrens. Die Verarbeitung kann auch auf elektronischem Wege\nerfolgen. Dies ist insbesondere dann der Fall, wenn ein Bewerber entsprechende\nBewerbungsunterlagen auf dem elektronischen Wege, beispielsweise per E-Mail\noder \u00fcber ein auf der Internetseite befindliches Webformular, an den f\u00fcr die\nVerarbeitung Verantwortlichen \u00fcbermittelt. Schlie\u00dft der f\u00fcr die Verarbeitung\nVerantwortliche einen Anstellungsvertrag mit einem Bewerber, werden die\n\u00fcbermittelten Daten zum Zwecke der Abwicklung des Besch\u00e4ftigungsverh\u00e4ltnisses\nunter Beachtung der gesetzlichen Vorschriften gespeichert. Wird von dem f\u00fcr die\nVerarbeitung Verantwortlichen kein Anstellungsvertrag mit dem Bewerber\ngeschlossen, so werden die Bewerbungsunterlagen zwei Monate nach Bekanntgabe\nder Absageentscheidung automatisch gel\u00f6scht, sofern einer L\u00f6schung keine\nsonstigen berechtigten Interessen des f\u00fcr die Verarbeitung Verantwortlichen\nentgegenstehen. Sonstiges berechtigtes Interesse in diesem Sinne ist beispielsweise\neine Beweispflicht in einem Verfahren nach dem Allgemeinen\nGleichbehandlungsgesetz (AGG).\n\n15. Verwendung von Google Analytics\nDiese Website benutzt Google Analytics, einen Webanalysedienst der Google Inc.\n(folgend: Google). Google Analytics verwendet sog. \u201eCookies&#8220;, also Textdateien, die\nauf Ihrem Computer gespeichert werden und die eine Analyse der Benutzung der\nWebsite durch Sie erm\u00f6glichen. Die durch das Cookie erzeugten Informationen \u00fcber\nIhre Benutzung dieser Website werden in der Regel an einen Server von Google in\nden USA \u00fcbertragen und dort gespeichert. Aufgrund der Aktivierung der IP-\nAnonymisierung auf diesen Webseiten, wird Ihre IP-Adresse von Google jedoch\ninnerhalb von Mitgliedstaaten der Europ\u00e4ischen Union oder in anderen\nVertragsstaaten des Abkommens \u00fcber den Europ\u00e4ischen Wirtschaftsraum zuvor\ngek\u00fcrzt. Nur in Ausnahmef\u00e4llen wird die volle IP-Adresse an einen Server von\nGoogle in den USA \u00fcbertragen und dort gek\u00fcrzt. Im Auftrag des Betreibers dieser\nWebsite wird Google diese Informationen benutzen, um Ihre Nutzung der Website\nauszuwerten, um Reports \u00fcber die Webseitenaktivit\u00e4ten zusammenzustellen und um\nweitere mit der Websitenutzung und der Internetnutzung verbundene\nDienstleistungen gegen\u00fcber dem Webseitenbetreiber zu erbringen. Die im Rahmen\nvon Google Analytics von Ihrem Browser \u00fcbermittelte IP-Adresse wird nicht mit\nanderen Daten von Google zusammengef\u00fchrt.\nDie Zwecke der Datenverarbeitung liegen in der Auswertung der Nutzung der\nWebsite und in der Zusammenstellung von Reports \u00fcber Aktivit\u00e4ten auf der Website.\nAuf Grundlage der Nutzung der Website und des Internets sollen dann weitere\nverbundene Dienstleistungen erbracht werden. Die Verarbeitung beruht auf dem\nberechtigten Interesse des Webseitenbetreibers.\nSie k\u00f6nnen die Speicherung der Cookies durch eine entsprechende Einstellung Ihrer\nBrowser-Software verhindern; wir weisen Sie jedoch darauf hin, dass Sie in diesem\nFall gegebenenfalls nicht s\u00e4mtliche Funktionen dieser Website vollumf\u00e4nglich\nwerden nutzen k\u00f6nnen. Sie k\u00f6nnen dar\u00fcber hinaus die Erfassung, der durch das\nCookie erzeugten und auf Ihre Nutzung der Website bezogenen Daten (inkl. Ihrer IP-\nAdresse) an Google sowie die Verarbeitung dieser Daten durch Google verhindern,\nindem sie das unter dem folgenden Link verf\u00fcgbare Browser-Plugin herunterladen\nund installieren: Browser Add On zur Deaktivierung von Google Analytics.\nZus\u00e4tzlich oder als Alternative zum Browser-Add-On k\u00f6nnen Sie das Tracking durch\nGoogle Analytics auf unseren Seiten unterbinden, indem Sie diesen Link anklicken.\nDabei wird ein Opt-Out-Cookie auf Ihrem Ger\u00e4t installiert. Damit wird die Erfassung\ndurch Google Analytics f\u00fcr diese Website und f\u00fcr diesen Browser zuk\u00fcnftig\nverhindert, so lange das Cookie in Ihrem Browser installiert bleibt.\n\n16. Verwendung von Adobe Analytics\nDiese Website benutzt Adobe Analytics, einen Webanalysedienst der Adobe\nSystems Software Ireland Limited (\u201eAdobe&#8220;). Adobe Analytics verwendet sog.\nCookies, also Textdateien, die auf Ihrem Computer gespeichert werden und die eine\nAnalyse der Benutzung der Website durch Sie erm\u00f6glichen. Wird ein Tracking\nDatensatz von einem Browser eines Webseitenbesuchers an die Adobe Datacenter\n\u00fcbermittelt, dann wird durch die von uns vorgenommene Servereinstellung\ngew\u00e4hrleistet, dass vor der Geolokalisierung die IP-Adresse anonymisiert wird, d.h.\ndass das letzte Oktett der IP Adresse durch Nullen ersetzt wird. Vor Speicherung des\nTracking-Pakets wird die IP Adresse durch einzelne generische IP Adressen ersetzt.\nIm Auftrag des Betreibers dieser Website wird Adobe diese Informationen benutzen,\num die Nutzung der Website durch die Nutzer auszuwerten, um Reports \u00fcber die\nWebsiteaktivit\u00e4ten zusammenzustellen und um weitere mit der Websitenutzung und\nder Internetnutzung verbundene Dienstleistungen gegen\u00fcber dem Websitebetreiber\nzu erbringen. Die im Rahmen von Adobe Analytics von Ihrem Browser \u00fcbermittelte\nIP-Adresse wird nicht mit anderen Daten von Adobe zusammengef\u00fchrt.\nSie k\u00f6nnen die Speicherung der Cookies durch eine entsprechende Einstellung Ihrer\nBrowser-Software verhindern. Dieses Angebot weist die Nutzer jedoch darauf hin,\ndass Sie in diesem Fall gegebenenfalls nicht s\u00e4mtliche Funktionen dieser Website\nvollumf\u00e4nglich werden nutzen k\u00f6nnen. Die Nutzer k\u00f6nnen dar\u00fcber hinaus die\nErfassung, der durch das Cookie erzeugten und auf ihre Nutzung der Website\nbezogenen Daten (inkl. Ihrer IP-Adresse) an Adobe sowie die Verarbeitung dieser\nDaten durch Adobe verhindern, indem sie das unter dem folgenden Link verf\u00fcgbare\nBrowser-Plug-In herunterladen und installieren:\nhttp:\/\/www.adobe.com\/de\/privacy\/opt-out.html\n\n17. Analyse durch Wireminds\nUnsere Website nutzt die Z\u00e4hlpixeltechnologie der WiredMinds AG\n(www.wiredminds.de) zur Analyse des Besucherverhaltens.\nDabei werden Daten erhoben, verarbeitet und gespeichert, aus denen unter einem\nPseudonym Nutzungsprofile erstellt werden. Wo m\u00f6glich und sinnvoll werden diese\nNutzungsprofile vollst\u00e4ndig anonymisiert. Hierzu k\u00f6nnen Cookies zum Einsatz\nkommen. Cookies sind kleine Textdateien, die im Internet-Browser des Besuchers\ngespeichert werden und zur Wiedererkennung des Internet-Browsers dienen. Die\nerhobenen Daten, die auch personenbezogene Daten beinhalten k\u00f6nnen, werden an\nWiredMinds \u00fcbermittelt oder direkt von WiredMinds erhoben. WiredMinds darf\nInformationen, die durch Besuche auf den Webseiten hinterlassen werden, nutzen,\num anonymisierte Nutzungsprofile zu erstellen. Die dabei gewonnenen Daten werden\nohne die gesondert erteilte Zustimmung des Betroffenen nicht benutzt, um den\nBesucher dieser Webseite pers\u00f6nlich zu identifizieren und sie werden nicht mit\npersonenbezogenen Daten \u00fcber den Tr\u00e4ger des Pseudonyms zusammengef\u00fchrt.\nSoweit IP-Adressen erfasst werden, erfolgt deren sofortige Anonymisierung durch\nL\u00f6schen des letzten Nummernblocks.\nDer Datenerhebung, -verarbeitung und -speicherung kann jederzeit mit Wirkung f\u00fcr\ndie Zukunft unter folgendem Link widersprochen werden: Vom Website-Tracking\nausschlie\u00dfen.\n\n18. Verwendung von Bibliotheken (Webfonts)\nUm unsere Inhalte browser\u00fcbergreifend korrekt und grafisch ansprechend\ndarzustellen, verwenden wir auf dieser Websitebibliotheken und Schriftbibliotheken\nwie z. B. Google Webfonts (https:\/\/www.google.com\/webfonts\/). Google Webfonts\nwerden zur Vermeidung mehrfachen Ladens in den Cache Ihres Browsers\n\u00fcbertragen. Falls der Browser die Google Webfonts nicht unterst\u00fctzt oder den Zugriff\nunterbindet, werden Inhalte in einer Standardschrift angezeigt.\nDer Aufruf vonbibliotheken oder Schriftbibliotheken l\u00f6st automatisch eine Verbindung\nzum Betreiber der Bibliothek aus. Dabei ist es theoretisch m\u00f6glich \u2013 aktuell allerdings\nauch unklar ob und ggf. zu welchen Zwecken \u2013 dass Betreiber entsprechender\nBibliotheken Daten erheben.\nDie Datenschutzrichtlinie des Bibliothekbetreibers Google finden Sie hier:\nhttps:\/\/www.google.com\/policies\/privacy\/\n\n19. Verwendung von Adobe Typekit\nWir setzen Adobe Typekit zur visuellen Gestaltung unserer Website ein. Typekit ist\nein Dienst der Adobe Systems Software Ireland Ltd. der uns den Zugriff auf eine\nSchriftartenbibliothek gew\u00e4hrt. Zur Einbindung der von uns benutzten Schriftarten,\nmuss Ihr Browser eine Verbindung zu einem Server von Adobe in den USA aufbauen\nund die f\u00fcr unsere Website ben\u00f6tigte Schriftart herunterladen. Adobe erh\u00e4lt hierdurch\ndie Information, dass von Ihrer IP-Adresse unsere Website aufgerufen wurde.\nWeitere Informationen zu Adobe Typekit finden Sie in den Datenschutzhinweisen von\nAdobe, die Sie hier abrufen k\u00f6nnen: www.adobe.com\/privacy\/typekit.html\n\n20. Social Media Plug-ins\nAuf unseren Webseiten werden Social Plugins der unten aufgef\u00fchrten Anbieter\neingesetzt. Die Plugins k\u00f6nnen Sie daran erkennen, dass sie mit dem\nentsprechenden Logo gekennzeichnet sind.\n\u00dcber diese Plugins werden unter Umst\u00e4nden Informationen, zu denen auch\npersonenbezogene Daten geh\u00f6ren k\u00f6nnen, an den Dienstebetreiber gesendet und\nggf. von diesem genutzt. Wir verhindern die unbewusste und ungewollte Erfassung\nund \u00dcbertragung von Daten an den Diensteanbieter durch eine 2-Klick-L\u00f6sung. Um\nein gew\u00fcnschtes Social Plugin zu aktivieren, muss dieses erst durch Klick auf den\nentsprechenden Schalter aktiviert werden. Erst durch diese Aktivierung des Plugins\nwird auch die Erfassung von Informationen und deren \u00dcbertragung an den\nDiensteanbieter ausgel\u00f6st. Wir erfassen selbst keine personenbezogenen Daten\nmittels der Social Plugins oder \u00fcber deren Nutzung.\nWir haben keinen Einfluss darauf, welche Daten ein aktiviertes Plugin erfasst und wie\ndiese durch den Anbieter verwendet werden. Derzeit muss davon ausgegangen\nwerden, dass eine direkte Verbindung zu den Diensten des Anbieters ausgebaut wird\nsowie mindestens die IP-Adresse und ger\u00e4tebezogene Informationen erfasst und\ngenutzt werden. Ebenfalls besteht die M\u00f6glichkeit, dass die Diensteanbieter\nversuchen, Cookies auf dem verwendeten Rechner zu speichern. Welche konkreten\nDaten hierbei erfasst und wie diese genutzt werden, entnehmen Sie bitte den\nDatenschutzhinweisen des jeweiligen Diensteanbieters. Hinweis: Falls Sie zeitgleich\nbei Facebook angemeldet sind, kann Facebook Sie als Besucher einer bestimmten\nSeite identifizieren.\nWir haben auf unserer Website die Social-Media-Buttons folgender Unternehmen\neingebunden:\n\n21. Zahlungsart\n1) Paypal: Der f\u00fcr die Verarbeitung Verantwortliche hat auf dieser Internetseite\nKomponenten von PayPal integriert. PayPal ist ein Online-Zahlungsdienstleister.\nZahlungen werden \u00fcber sogenannte PayPal-Konten abgewickelt, die virtuelle Privat-\noder Gesch\u00e4ftskonten darstellen. Zudem besteht bei PayPal die M\u00f6glichkeit, virtuelle\nZahlungen \u00fcber Kreditkarten abzuwickeln, wenn ein Nutzer kein PayPal-Konto\nunterh\u00e4lt. Ein PayPal-Konto wird \u00fcber eine E-Mail-Adresse gef\u00fchrt, weshalb es keine\nklassische Kontonummer gibt. PayPal erm\u00f6glicht es, Online-Zahlungen an Dritte\nauszul\u00f6sen oder auch Zahlungen zu empfangen. PayPal \u00fcbernimmt ferner\nTreuh\u00e4nderfunktionen und bietet K\u00e4uferschutzdienste an.\nDie Europ\u00e4ische Betreibergesellschaft von PayPal ist die PayPal (Europe) S.\u00e0.r.l. &#038;\nCie. S.C.A., 22-24 Boulevard Royal, 2449 Luxembourg, Luxemburg.\nW\u00e4hlt die betroffene Person w\u00e4hrend des Bestellvorgangs in unserem Online-Shop\nals Zahlungsm\u00f6glichkeit \u201ePayPal&#8220; aus, werden automatisiert Daten der betroffenen\nPerson an PayPal \u00fcbermittelt. Mit der Auswahl dieser Zahlungsoption willigt die\nbetroffene Person in die zur Zahlungsabwicklung erforderliche \u00dcbermittlung\npersonenbezogener Daten ein.\nBei den an PayPal \u00fcbermittelten personenbezogenen Daten handelt es sich in der\nRegel um Vorname, Nachname, Adresse, Email-Adresse, IP-Adresse,\nTelefonnummer, Mobiltelefonnummer oder andere Daten, die zur\nZahlungsabwicklung notwendig sind. Zur Abwicklung des Kaufvertrages notwendig\nsind auch solche personenbezogenen Daten, die im Zusammenhang mit der\njeweiligen Bestellung stehen.\nDie \u00dcbermittlung der Daten bezweckt die Zahlungsabwicklung und die\nBetrugspr\u00e4vention. Der f\u00fcr die Verarbeitung Verantwortliche wird PayPal\npersonenbezogene Daten insbesondere dann \u00fcbermitteln, wenn ein berechtigtes\nInteresse f\u00fcr die \u00dcbermittlung gegeben ist. Die zwischen PayPal und dem f\u00fcr die\nVerarbeitung Verantwortlichen ausgetauschten personenbezogenen Daten werden\nvon PayPal unter Umst\u00e4nden an Wirtschaftsauskunfteien \u00fcbermittelt. Diese\n\u00dcbermittlung bezweckt die Identit\u00e4ts- und Bonit\u00e4tspr\u00fcfung.\nPayPal gibt die personenbezogenen Daten gegebenenfalls an verbundene\nUnternehmen und Leistungserbringer oder Subunternehmer weiter, soweit dies zur\nErf\u00fcllung der vertraglichen Verpflichtungen erforderlich ist oder die Daten im Auftrag\nverarbeitet werden sollen.\nDie betroffene Person hat die M\u00f6glichkeit, die Einwilligung zum Umgang mit\npersonenbezogenen Daten jederzeit gegen\u00fcber PayPal zu widerrufen. Ein Widerruf\nwirkt sich nicht auf personenbezogene Daten aus, die zwingend zur\n(vertragsgem\u00e4\u00dfen) Zahlungsabwicklung verarbeitet, genutzt oder \u00fcbermittelt werden\nm\u00fcssen.\nDie geltenden Datenschutzbestimmungen von PayPal k\u00f6nnen unter\nhttps:\/\/www.paypal.com\/de\/webapps\/mpp\/ua\/privacy-full abgerufen werden.\n\n2) Klarna: Der f\u00fcr die Verarbeitung Verantwortliche hat auf dieser Internetseite\nKomponenten von Klarna integriert. Klarna ist ein Online-Zahlungsdienstleister, der\nden Kauf auf Rechnung oder eine flexible Ratenzahlung erm\u00f6glicht. Ferner werden\nvon Klarna weitere Services, wie beispielsweise ein K\u00e4uferschutz oder eine\nIdentit\u00e4ts- und Bonit\u00e4tspr\u00fcfung, angeboten.\nBetreibergesellschaft von Klarna ist die Klarna AB, Sveav\u00e4gen 46, 111 34\nStockholm, Schweden.\nW\u00e4hlt die betroffene Person w\u00e4hrend des Bestellvorgangs in unserem Online-Shop\nals Zahlungsm\u00f6glichkeit entweder den \u201eKauf auf Rechnung&#8220; oder \u201eRatenkauf&#8220; aus,\nwerden automatisiert Daten der betroffenen Person an Klarna \u00fcbermittelt. Mit der\nAuswahl einer dieser Zahlungsoptionen willigt die betroffene Person in diese, zur\nAbwicklung des Rechnungs- oder Ratenkaufes oder zur Identit\u00e4ts- und\nBonit\u00e4tspr\u00fcfung erforderliche, \u00dcbermittlung personenbezogener Daten ein.\nBei den an Klarna \u00fcbermittelten personenbezogenen Daten handelt es sich in der\nRegel um Vorname, Nachname, Adresse, Geburtsdatum, Geschlecht, Email-\nAdresse, IP-Adresse, Telefonnummer, Mobiltelefonnummer sowie um andere Daten,\ndie zur Abwicklung eines Rechnungs- oder Ratenkaufs notwendig sind. Zur\nAbwicklung des Kaufvertrages notwendig sind auch solche personenbezogenen\nDaten, die im Zusammenhang mit der jeweiligen Bestellung stehen. Insbesondere\nkann es zum wechselseitigen Austausch von Zahlungsinformationen, wie\nBankverbindung, Kartennummer, G\u00fcltigkeitsdatum und CVC-Code, Artikelanzahl,\nArtikelnummer, Daten zu Waren und Dienstleistungen, Preise und steuerliche\nAbgaben, Angaben zum fr\u00fcheren Kaufverhalten oder sonstige Angaben zur\nfinanziellen Situation der betroffenen Person, kommen.\nDie \u00dcbermittlung der Daten bezweckt insbesondere die Identit\u00e4ts\u00fcberpr\u00fcfung, die\nZahlungsadministration und die Betrugspr\u00e4vention. Der f\u00fcr die Verarbeitung\nVerantwortliche wird Klarna personenbezogene Daten insbesondere dann\n\u00fcbermitteln, wenn ein berechtigtes Interesse f\u00fcr die \u00dcbermittlung gegeben ist. Die\nzwischen Klarna und dem f\u00fcr die Verarbeitung Verantwortlichen ausgetauschten\npersonenbezogenen Daten werden von Klarna an Wirtschaftsauskunfteien\n\u00fcbermittelt. Diese \u00dcbermittlung bezweckt die Identit\u00e4ts- und Bonit\u00e4tspr\u00fcfung.\nKlarna gibt die personenbezogenen Daten auch an verbundene Unternehmen\n(Klarna Gruppe) und Leistungserbringer oder Subunternehmer weiter, soweit dies zur\nErf\u00fcllung der vertraglichen Verpflichtungen erforderlich ist oder die Daten im Auftrag\nverarbeitet werden sollen.\nZur Entscheidung \u00fcber die Begr\u00fcndung, Durchf\u00fchrung oder Beendigung einer\nVertragsbeziehung erhebt und nutzt Klarna Daten und Informationen \u00fcber das\nbisherige Zahlungsverhalten der betroffenen Person sowie Wahrscheinlichkeitswerte\nf\u00fcr deren Verhalten in der Zukunft (sogenanntes Scoring). Die Berechnung des\nScorings wird auf der Basis wissenschaftlich anerkannter mathematisch-statistischer\nVerfahren durchgef\u00fchrt.\nDie betroffene Person hat die M\u00f6glichkeit, die Einwilligung zum Umgang mit\npersonenbezogenen Daten jederzeit gegen\u00fcber Klarna zu widerrufen. Ein Widerruf\nwirkt sich nicht auf personenbezogene Daten aus, die zwingend zur\n(vertragsgem\u00e4\u00dfen) Zahlungsabwicklung verarbeitet, genutzt oder \u00fcbermittelt werden\nm\u00fcssen.\nDie geltenden Datenschutzbestimmungen von Klarna k\u00f6nnen unter\nhttps:\/\/cdn.klarna.com\/1.0\/shared\/content\/policy\/data\/de_de\/data_protection.pdf\nabgerufen werden.\n\n3) Sofort\u00fcberweisung: Der f\u00fcr die Verarbeitung Verantwortliche hat auf dieser\nInternetseite Komponenten von Sofort\u00fcberweisung integriert. Sofort\u00fcberweisung ist\nein Zahlungsdienst, der eine bargeldlose Zahlung von Produkten und\nDienstleistungen im Internet erm\u00f6glicht. Sofort\u00fcberweisung bildet ein technisches\nVerfahren ab, durch welches der Online-H\u00e4ndler unverz\u00fcglich eine\nZahlungsbest\u00e4tigung erh\u00e4lt. So wird ein H\u00e4ndler in die Lage versetzt, Waren,\nDienstleistungen oder Downloads sofort nach der Bestellung an den Kunden\nauszuliefern.\nBetreibergesellschaft von Sofort\u00fcberweisung ist die SOFORT GmbH, Fu\u00dfbergstra\u00dfe\n1, 82131 Gauting, Deutschland.\nW\u00e4hlt die betroffene Person w\u00e4hrend des Bestellvorgangs in unserem Online-Shop\nals Zahlungsm\u00f6glichkeit \u201eSofort\u00fcberweisung&#8220; aus, werden automatisiert Daten der\nbetroffenen Person an Sofort\u00fcberweisung \u00fcbermittelt. Mit einer Auswahl dieser\nZahlungsoption willigt die betroffene Person in eine zur Zahlungsabwicklung\nerforderliche \u00dcbermittlung personenbezogener Daten ein.\nBei der Kaufabwicklung \u00fcber Sofort\u00fcberweisung \u00fcbermittelt der K\u00e4ufer die PIN und\ndie TAN an die Sofort GmbH. Sofort\u00fcberweisung f\u00fchrt sodann nach technischer\n\u00dcberpr\u00fcfung des Kontostandes und Abruf weiterer Daten zur Pr\u00fcfung der\nKontodeckung eine \u00dcberweisung an den Online-H\u00e4ndler aus. Die Durchf\u00fchrung der\nFinanztransaktion wird dem Online-H\u00e4ndler sodann automatisiert mitgeteilt.\nBei den mit Sofort\u00fcberweisung ausgetauschten personenbezogenen Daten handelt\nes sich um Vorname, Nachname, Adresse, Email-Adresse, IP-Adresse,\nTelefonnummer, Mobiltelefonnummer oder andere Daten, die zur\nZahlungsabwicklung notwendig sind. Die \u00dcbermittlung der Daten bezweckt die\nZahlungsabwicklung und die Betrugspr\u00e4vention. Der f\u00fcr die Verarbeitung\nVerantwortliche wird Sofort\u00fcberweisung andere personenbezogene Daten auch dann\n\u00fcbermitteln, wenn ein berechtigtes Interesse f\u00fcr die \u00dcbermittlung gegeben ist. Die\nzwischen Sofort\u00fcberweisung und dem f\u00fcr die Verarbeitung Verantwortlichen\nausgetauschten personenbezogenen Daten werden von Sofort\u00fcberweisung unter\nUmst\u00e4nden an Wirtschaftsauskunfteien \u00fcbermittelt. Diese \u00dcbermittlung bezweckt die\nIdentit\u00e4ts- und Bonit\u00e4tspr\u00fcfung.\nSofort\u00fcberweisung gibt die personenbezogenen Daten gegebenenfalls an\nverbundene Unternehmen und Leistungserbringer oder Subunternehmer weiter,\nsoweit dies zur Erf\u00fcllung der vertraglichen Verpflichtungen erforderlich ist oder die\nDaten im Auftrag verarbeitet werden sollen.\nDie betroffene Person hat die M\u00f6glichkeit, die Einwilligung zum Umgang mit\npersonenbezogenen Daten jederzeit gegen\u00fcber Sofort\u00fcberweisung zu widerrufen.\nEin Widerruf wirkt sich nicht auf personenbezogene Daten aus, die zwingend zur\n(vertragsgem\u00e4\u00dfen) Zahlungsabwicklung verarbeitet, genutzt oder \u00fcbermittelt werden\nm\u00fcssen.\nDie geltenden Datenschutzbestimmungen von Sofort\u00fcberweisung k\u00f6nnen unter\nhttps:\/\/www.sofort.com\/ger-DE\/datenschutzerklaerung-sofort-gmbh\/ abgerufen\nwerden.\n\n22. Google Ads\nDiese Website verwendet Google Ads. Google Ads ist ein Online-Werbeprogramm\nder Google Ireland Limited (\u201eGoogle&#8220;), Gordon House, Barrow Street, Dublin 4,\nIrland.\nIm Rahmen von Google Ads nutzen wir das so genannte Conversion-Tracking. Wenn\nSie auf eine von Google geschaltete Anzeige klicken wird ein Cookie f\u00fcr das\nConversion-Tracking gesetzt. Bei Cookies handelt es sich um kleine Textdateien, die\nder Internet-Browser auf dem Computer des Nutzers ablegt. Diese Cookies verlieren\nnach 30 Tagen ihre G\u00fcltigkeit und dienen nicht der pers\u00f6nlichen Identifizierung der\nNutzer. Besucht der Nutzer bestimmte Seiten dieser Website und das Cookie ist\nnoch nicht abgelaufen, k\u00f6nnen Google und wir erkennen, dass der Nutzer auf die\nAnzeige geklickt hat und zu dieser Seite weitergeleitet wurde.\nJeder Google Ads-Kunde erh\u00e4lt ein anderes Cookie. Die Cookies k\u00f6nnen nicht \u00fcber\ndie Websites von Google Ads-Kunden nachverfolgt werden. Die mithilfe des\nConversion-Cookies eingeholten Informationen dienen dazu, Conversion-Statistiken\nf\u00fcr Google Ads-Kunden zu erstellen, die sich f\u00fcr Conversion-Tracking entschieden\nhaben. Die Kunden erfahren die Gesamtanzahl der Nutzer, die auf ihre Anzeige\ngeklickt haben und zu einer mit einem Conversion-Tracking-Tag versehenen Seite\nweitergeleitet wurden. Sie erhalten jedoch keine Informationen, mit denen sich\nNutzer pers\u00f6nlich identifizieren lassen. Wenn Sie nicht am Tracking teilnehmen\nm\u00f6chten, k\u00f6nnen Sie dieser Nutzung widersprechen, indem Sie das Cookie des\nGoogle Conversion-Trackings \u00fcber ihren Internet-Browser unter Nutzereinstellungen\nleicht deaktivieren. Sie werden sodann nicht in die Conversion-Tracking Statistiken\naufgenommen.\n\nDie Speicherung von \u201eConversion-Cookies&#8220; und die Nutzung dieses Tracking-Tools\nerfolgen auf Grundlage von Art. 6 Abs. 1 lit. f DSGVO. Der Websitebetreiber hat ein\nberechtigtes Interesse an der Analyse des Nutzerverhaltens, um sowohl sein\nWebangebot als auch seine Werbung zu optimieren. Sofern eine entsprechende\nEinwilligung abgefragt wurde (z. B. eine Einwilligung zur Speicherung von Cookies),\nerfolgt die Verarbeitung ausschlie\u00dflich auf Grundlage von Art. 6 Abs. 1 lit. a DSGVO;\ndie Einwilligung ist jederzeit widerrufbar.\nMehr Informationen zu Google Ads und Google Conversion-Tracking finden Sie in\nden Datenschutzbestimmungen von Google:\nhttps:\/\/policies.google.com\/privacy?hl=de.\nSie k\u00f6nnen Ihren Browser so einstellen, dass Sie \u00fcber das Setzen von Cookies\ninformiert werden und Cookies nur im Einzelfall erlauben, die Annahme von Cookies\nf\u00fcr bestimmte F\u00e4lle oder generell ausschlie\u00dfen sowie das automatische L\u00f6schen der\nCookies beim Schlie\u00dfen des Browsers aktivieren. Bei der Deaktivierung von Cookies\nkann die Funktionalit\u00e4t dieser Website eingeschr\u00e4nkt sein.\n\n23. Google Remarketing\nDiese Website verwendet die Remarketing-Funktion der Google Inc. Die Funktion\ndient dazu, Webseitenbesuchern innerhalb des Google-Werbenetzwerks\ninteressenbezogene Werbeanzeigen zu pr\u00e4sentieren. Im Browser des\nWebseitenbesuchers wird ein sog. \u201eCookie&#8220; gespeichert, der es erm\u00f6glicht, den\nBesucher wiederzuerkennen, wenn dieser Webseiten aufruft, die dem\nWerbenetzwerk von Google angeh\u00f6ren. Auf diesen Seiten k\u00f6nnen dem Besucher\nWerbeanzeigen pr\u00e4sentiert werden, die sich auf Inhalte beziehen, die der Besucher\nzuvor auf Webseiten aufgerufen hat, die die Remarketing Funktion von Google\nverwenden.\nNach eigenen Angaben erhebt Google bei diesem Vorgang keine\npersonenbezogenen Daten. Sollten Sie die Funktion Remarketing von Google\ndennoch nicht w\u00fcnschen, k\u00f6nnen Sie diese grunds\u00e4tzlich deaktivieren, indem Sie die\nentsprechenden Einstellungen unter http:\/\/www.google.com\/settings\/ads vornehmen.\nAlternativ k\u00f6nnen Sie den Einsatz von Cookies f\u00fcr interessenbezogene Werbung\n\u00fcber die Werbenetzwerkinitiative deaktivieren, indem Sie den Anweisungen unter\nhttp:\/\/www.networkadvertising.org\/managing\/opt_out.asp folgen.\n\n24. Rechtsgrundlage der Verarbeitung\nArt. 6 I lit. a DSGVO dient unserem Unternehmen als Rechtsgrundlage f\u00fcr\nVerarbeitungsvorg\u00e4nge, bei denen wir eine Einwilligung f\u00fcr einen bestimmten\nVerarbeitungszweck einholen. Ist die Verarbeitung personenbezogener Daten zur\nErf\u00fcllung eines Vertrags, dessen Vertragspartei die betroffene Person ist,\nerforderlich, wie dies beispielsweise bei Verarbeitungsvorg\u00e4ngen der Fall ist, die f\u00fcr\neine Lieferung von Waren oder die Erbringung einer sonstigen Leistung oder\nGegenleistung notwendig sind, so beruht die Verarbeitung auf Art. 6 I lit. b DSGVO.\nGleiches gilt f\u00fcr solche Verarbeitungsvorg\u00e4nge die zur Durchf\u00fchrung vorvertraglicher\nMa\u00dfnahmen erforderlich sind, etwa in F\u00e4llen von Anfragen zur unseren Produkten\noder Leistungen. Unterliegt unser Unternehmen einer rechtlichen Verpflichtung durch\nwelche eine Verarbeitung von personenbezogenen Daten erforderlich wird, wie\nbeispielsweise zur Erf\u00fcllung steuerlicher Pflichten, so basiert die Verarbeitung auf\nArt. 6 I lit. c DSGVO. In seltenen F\u00e4llen k\u00f6nnte die Verarbeitung von\npersonenbezogenen Daten erforderlich werden, um lebenswichtige Interessen der\nbetroffenen Person oder einer anderen nat\u00fcrlichen Person zu sch\u00fctzen. Dies w\u00e4re\nbeispielsweise der Fall, wenn ein Besucher in unserem Betrieb verletzt werden\nw\u00fcrde und daraufhin sein Name, sein Alter, seine Krankenkassendaten oder\nsonstige lebenswichtige Informationen an einen Arzt, ein Krankenhaus oder sonstige\nDritte weitergegeben werden m\u00fcssten. Dann w\u00fcrde die Verarbeitung auf Art. 6 I lit. d\nDSGVO beruhen. Letztlich k\u00f6nnten Verarbeitungsvorg\u00e4nge auf Art. 6 I lit. f DSGVO\nberuhen. Auf dieser Rechtsgrundlage basieren Verarbeitungsvorg\u00e4nge, die von\nkeiner der vorgenannten Rechtsgrundlagen erfasst werden, wenn die Verarbeitung\nzur Wahrung eines berechtigten Interesses unseres Unternehmens oder eines\nDritten erforderlich ist, sofern die Interessen, Grundrechte und Grundfreiheiten des\nBetroffenen nicht \u00fcberwiegen. Solche Verarbeitungsvorg\u00e4nge sind uns insbesondere\ndeshalb gestattet, weil sie durch den europ\u00e4ischen Gesetzgeber besonders erw\u00e4hnt\nwurden. Er vertrat insoweit die Auffassung, dass ein berechtigtes Interesse\nanzunehmen sein k\u00f6nnte, wenn die betroffene Person ein Kunde des\nVerantwortlichen ist (Erw\u00e4gungsgrund 47 Satz 2 DSGVO).\n\n25. Berechtigte Interessen an der Verarbeitung, die von dem Verantwortlichen\noder einem Dritten verfolgt werden\nBasiert die Verarbeitung personenbezogener Daten auf Artikel 6 I lit. f DSGVO ist\nunser berechtigtes Interesse die Durchf\u00fchrung unserer Gesch\u00e4ftst\u00e4tigkeit zugunsten\ndes Wohlergehens all unserer Mitarbeiter und unserer Anteilseigner.\n\n26. Dauer, f\u00fcr die die personenbezogenen Daten gespeichert werden\nDas Kriterium f\u00fcr die Dauer der Speicherung von personenbezogenen Daten ist die\njeweilige gesetzliche Aufbewahrungsfrist. Nach Ablauf der Frist werden die\nentsprechenden Daten routinem\u00e4\u00dfig gel\u00f6scht, sofern sie nicht mehr zur\nVertragserf\u00fcllung oder Vertragsanbahnung erforderlich sind.\n\n27. Gesetzliche oder vertragliche Vorschriften zur Bereitstellung der\npersonenbezogenen Daten; Erforderlichkeit f\u00fcr den Vertragsabschluss;\nVerpflichtung der betroffenen Person, die personenbezogenen Daten\nbereitzustellen; m\u00f6gliche Folgen der Nichtbereitstellung\nWir kl\u00e4ren Sie dar\u00fcber auf, dass die Bereitstellung personenbezogener Daten zum\nTeil gesetzlich vorgeschrieben ist (z.B. Steuervorschriften) oder sich auch aus\nvertraglichen Regelungen (z.B. Angaben zum Vertragspartner) ergeben kann.\nMitunter kann es zu einem Vertragsschluss erforderlich sein, dass eine betroffene\nPerson uns personenbezogene Daten zur Verf\u00fcgung stellt, die in der Folge durch\nuns verarbeitet werden m\u00fcssen. Die betroffene Person ist beispielsweise verpflichtet\nuns personenbezogene Daten bereitzustellen, wenn unser Unternehmen mit ihr\neinen Vertrag abschlie\u00dft. Eine Nichtbereitstellung der personenbezogenen Daten\nh\u00e4tte zur Folge, dass der Vertrag mit dem Betroffenen nicht geschlossen werden\nk\u00f6nnte. Vor einer Bereitstellung personenbezogener Daten durch den Betroffenen\nmuss sich der Betroffene an einen unserer Mitarbeiter wenden. Unser Mitarbeiter\nkl\u00e4rt den Betroffenen einzelfallbezogen dar\u00fcber auf, ob die Bereitstellung der\npersonenbezogenen Daten gesetzlich oder vertraglich vorgeschrieben oder f\u00fcr den\nVertragsabschluss erforderlich ist, ob eine Verpflichtung besteht, die\npersonenbezogenen Daten bereitzustellen, und welche Folgen die\nNichtbereitstellung der personenbezogenen Daten h\u00e4tte.\n\n28. \u00c4nderung der Datenschutzbestimmung\nWir behalten uns vor, diese Datenschutzerkl\u00e4rung anzupassen, damit sie stets den\naktuellen rechtlichen Anforderungen entspricht oder um \u00c4nderungen unserer\nLeistungen in der Datenschutzerkl\u00e4rung umzusetzen, z.B. bei der Einf\u00fchrung neuer\nServices. F\u00fcr Ihren erneuten Besuch gilt dann die neue Datenschutzerkl\u00e4rung.\n\n29. Bestehen einer automatisierten Entscheidungsfindung\nAls verantwortungsbewusstes Unternehmen verzichten wir auf eine automatische\nEntscheidungsfindung oder ein Profiling\t\t\t\t\t\t\t\t<\/div>\n\t\t\t\t<\/div>\n\t\t\t\t\t<\/div>\n\t\t<\/div>\n\t\t\t\t\t<\/div>\n\t\t<\/section>\n\t\t\t\t<\/div>\n\t\t","protected":false},"excerpt":{"rendered":"<p>Datenschutz Startseite &#8211; Datenschutz Datenschutzerkl\u00e4rung Wir freuen uns sehr \u00fcber Ihr Interesse an unserem Unternehmen. Datenschutz hat einen besonders hohen Stellenwert f\u00fcr die Gesch\u00e4ftsleitung f\u00fcr folgenden Herausgeber dieser Website: Pralizia. Eine Nutzung der Internetseiten der Pralizia ist grunds\u00e4tzlich ohne jede Angabe personenbezogener Daten m\u00f6glich. Sofern eine betroffene Person besondere Services unseres Unternehmens \u00fcber unsere Internetseite [&hellip;]<\/p>\n","protected":false},"author":1,"featured_media":0,"parent":0,"menu_order":0,"comment_status":"closed","ping_status":"closed","template":"","meta":{"footnotes":""},"class_list":["post-528","page","type-page","status-publish","hentry"],"yoast_head":"<!-- This site is optimized with the Yoast SEO plugin v27.1.1 - https:\/\/yoast.com\/product\/yoast-seo-wordpress\/ -->\n<title>PRALIZIA - Datenschutz<\/title>\n<meta name=\"description\" content=\"Sch\u00fctze deine Daten! Kaufe unser Wadendehner-Set sicher und vertrauensvoll auf Amazon. Deine Privatsph\u00e4re ist unsere Priorit\u00e4t!\" \/>\n<meta name=\"robots\" content=\"index, follow, max-snippet:-1, max-image-preview:large, max-video-preview:-1\" \/>\n<link rel=\"canonical\" href=\"https:\/\/wadendehner-set.de\/index.php\/datenschutz\/\" \/>\n<meta property=\"og:locale\" content=\"de_DE\" \/>\n<meta property=\"og:type\" content=\"article\" \/>\n<meta property=\"og:title\" content=\"PRALIZIA - Datenschutz\" \/>\n<meta property=\"og:description\" content=\"Sch\u00fctze deine Daten! Kaufe unser Wadendehner-Set sicher und vertrauensvoll auf Amazon. Deine Privatsph\u00e4re ist unsere Priorit\u00e4t!\" \/>\n<meta property=\"og:url\" content=\"https:\/\/wadendehner-set.de\/index.php\/datenschutz\/\" \/>\n<meta property=\"og:site_name\" content=\"Wadendehner Set\" \/>\n<meta property=\"article:modified_time\" content=\"2023-10-19T08:16:09+00:00\" \/>\n<meta name=\"twitter:card\" content=\"summary_large_image\" \/>\n<meta name=\"twitter:label1\" content=\"Gesch\u00e4tzte Lesezeit\" \/>\n\t<meta name=\"twitter:data1\" content=\"47\u00a0Minuten\" \/>\n<script type=\"application\/ld+json\" class=\"yoast-schema-graph\">{\"@context\":\"https:\/\/schema.org\",\"@graph\":[{\"@type\":\"WebPage\",\"@id\":\"https:\/\/wadendehner-set.de\/index.php\/datenschutz\/\",\"url\":\"https:\/\/wadendehner-set.de\/index.php\/datenschutz\/\",\"name\":\"PRALIZIA - Datenschutz\",\"isPartOf\":{\"@id\":\"https:\/\/wadendehner-set.de\/#website\"},\"datePublished\":\"2023-10-18T18:41:05+00:00\",\"dateModified\":\"2023-10-19T08:16:09+00:00\",\"description\":\"Sch\u00fctze deine Daten! Kaufe unser Wadendehner-Set sicher und vertrauensvoll auf Amazon. Deine Privatsph\u00e4re ist unsere Priorit\u00e4t!\",\"breadcrumb\":{\"@id\":\"https:\/\/wadendehner-set.de\/index.php\/datenschutz\/#breadcrumb\"},\"inLanguage\":\"de\",\"potentialAction\":[{\"@type\":\"ReadAction\",\"target\":[\"https:\/\/wadendehner-set.de\/index.php\/datenschutz\/\"]}]},{\"@type\":\"BreadcrumbList\",\"@id\":\"https:\/\/wadendehner-set.de\/index.php\/datenschutz\/#breadcrumb\",\"itemListElement\":[{\"@type\":\"ListItem\",\"position\":1,\"name\":\"Startseite\",\"item\":\"https:\/\/wadendehner-set.de\/\"},{\"@type\":\"ListItem\",\"position\":2,\"name\":\"Datenschutz\"}]},{\"@type\":\"WebSite\",\"@id\":\"https:\/\/wadendehner-set.de\/#website\",\"url\":\"https:\/\/wadendehner-set.de\/\",\"name\":\"Wadendehner Set\",\"description\":\"\",\"potentialAction\":[{\"@type\":\"SearchAction\",\"target\":{\"@type\":\"EntryPoint\",\"urlTemplate\":\"https:\/\/wadendehner-set.de\/?s={search_term_string}\"},\"query-input\":{\"@type\":\"PropertyValueSpecification\",\"valueRequired\":true,\"valueName\":\"search_term_string\"}}],\"inLanguage\":\"de\"}]}<\/script>\n<!-- \/ Yoast SEO plugin. -->","yoast_head_json":{"title":"PRALIZIA - Datenschutz","description":"Sch\u00fctze deine Daten! Kaufe unser Wadendehner-Set sicher und vertrauensvoll auf Amazon. Deine Privatsph\u00e4re ist unsere Priorit\u00e4t!","robots":{"index":"index","follow":"follow","max-snippet":"max-snippet:-1","max-image-preview":"max-image-preview:large","max-video-preview":"max-video-preview:-1"},"canonical":"https:\/\/wadendehner-set.de\/index.php\/datenschutz\/","og_locale":"de_DE","og_type":"article","og_title":"PRALIZIA - Datenschutz","og_description":"Sch\u00fctze deine Daten! Kaufe unser Wadendehner-Set sicher und vertrauensvoll auf Amazon. Deine Privatsph\u00e4re ist unsere Priorit\u00e4t!","og_url":"https:\/\/wadendehner-set.de\/index.php\/datenschutz\/","og_site_name":"Wadendehner Set","article_modified_time":"2023-10-19T08:16:09+00:00","twitter_card":"summary_large_image","twitter_misc":{"Gesch\u00e4tzte Lesezeit":"47\u00a0Minuten"},"schema":{"@context":"https:\/\/schema.org","@graph":[{"@type":"WebPage","@id":"https:\/\/wadendehner-set.de\/index.php\/datenschutz\/","url":"https:\/\/wadendehner-set.de\/index.php\/datenschutz\/","name":"PRALIZIA - Datenschutz","isPartOf":{"@id":"https:\/\/wadendehner-set.de\/#website"},"datePublished":"2023-10-18T18:41:05+00:00","dateModified":"2023-10-19T08:16:09+00:00","description":"Sch\u00fctze deine Daten! Kaufe unser Wadendehner-Set sicher und vertrauensvoll auf Amazon. Deine Privatsph\u00e4re ist unsere Priorit\u00e4t!","breadcrumb":{"@id":"https:\/\/wadendehner-set.de\/index.php\/datenschutz\/#breadcrumb"},"inLanguage":"de","potentialAction":[{"@type":"ReadAction","target":["https:\/\/wadendehner-set.de\/index.php\/datenschutz\/"]}]},{"@type":"BreadcrumbList","@id":"https:\/\/wadendehner-set.de\/index.php\/datenschutz\/#breadcrumb","itemListElement":[{"@type":"ListItem","position":1,"name":"Startseite","item":"https:\/\/wadendehner-set.de\/"},{"@type":"ListItem","position":2,"name":"Datenschutz"}]},{"@type":"WebSite","@id":"https:\/\/wadendehner-set.de\/#website","url":"https:\/\/wadendehner-set.de\/","name":"Wadendehner Set","description":"","potentialAction":[{"@type":"SearchAction","target":{"@type":"EntryPoint","urlTemplate":"https:\/\/wadendehner-set.de\/?s={search_term_string}"},"query-input":{"@type":"PropertyValueSpecification","valueRequired":true,"valueName":"search_term_string"}}],"inLanguage":"de"}]}},"_links":{"self":[{"href":"https:\/\/wadendehner-set.de\/index.php\/wp-json\/wp\/v2\/pages\/528","targetHints":{"allow":["GET"]}}],"collection":[{"href":"https:\/\/wadendehner-set.de\/index.php\/wp-json\/wp\/v2\/pages"}],"about":[{"href":"https:\/\/wadendehner-set.de\/index.php\/wp-json\/wp\/v2\/types\/page"}],"author":[{"embeddable":true,"href":"https:\/\/wadendehner-set.de\/index.php\/wp-json\/wp\/v2\/users\/1"}],"replies":[{"embeddable":true,"href":"https:\/\/wadendehner-set.de\/index.php\/wp-json\/wp\/v2\/comments?post=528"}],"version-history":[{"count":20,"href":"https:\/\/wadendehner-set.de\/index.php\/wp-json\/wp\/v2\/pages\/528\/revisions"}],"predecessor-version":[{"id":676,"href":"https:\/\/wadendehner-set.de\/index.php\/wp-json\/wp\/v2\/pages\/528\/revisions\/676"}],"wp:attachment":[{"href":"https:\/\/wadendehner-set.de\/index.php\/wp-json\/wp\/v2\/media?parent=528"}],"curies":[{"name":"wp","href":"https:\/\/api.w.org\/{rel}","templated":true}]}}